{"id":381,"date":"2021-02-18T17:13:02","date_gmt":"2021-02-18T17:13:02","guid":{"rendered":"https:\/\/guiesviaferratacaladelmoli.com\/informaciones\/"},"modified":"2021-03-06T15:14:47","modified_gmt":"2021-03-06T15:14:47","slug":"informations","status":"publish","type":"page","link":"https:\/\/guiesviaferratacaladelmoli.com\/fr\/informations\/","title":{"rendered":"Informations"},"content":{"rendered":"<p>[et_pb_section fb_built=\u00a0\u00bb1&Prime; inner_shadow=\u00a0\u00bbon\u00a0\u00bb fullwidth=\u00a0\u00bbon\u00a0\u00bb custom_padding_last_edited=\u00a0\u00bbon|desktop\u00a0\u00bb admin_label=\u00a0\u00bbsection\u00a0\u00bb _builder_version=\u00a0\u00bb3.22&Prime; background_color=\u00a0\u00bb#6aceb6&Prime; background_image=\u00a0\u00bbhttps:\/\/guiesviaferratacaladelmoli.com\/wp-content\/uploads\/2021\/02\/fotoviaferratanew555.6-1.jpg\u00a0\u00bb parallax=\u00a0\u00bbon\u00a0\u00bb parallax_method=\u00a0\u00bboff\u00a0\u00bb custom_margin=\u00a0\u00bb-50px||-50px|\u00a0\u00bb custom_padding_tablet=\u00a0\u00bb50px|0|50px|0&Prime; custom_padding_phone=\u00a0\u00bb\u00a0\u00bb transparent_background=\u00a0\u00bboff\u00a0\u00bb padding_mobile=\u00a0\u00bboff\u00a0\u00bb][et_pb_fullwidth_header subhead=\u00a0\u00bbEstamos preparados para que tu excursi\u00f3n en la via Ferrata sea fant\u00e1stica\u00a0\u00bb header_fullscreen=\u00a0\u00bbon\u00a0\u00bb background_overlay_color=\u00a0\u00bbrgba(0,0,0,0)\u00a0\u00bb admin_label=\u00a0\u00bbT\u00edtulo de anchura completa\u00a0\u00bb _builder_version=\u00a0\u00bb4.5.0&Prime; subhead_font_size=\u00a0\u00bb21px\u00a0\u00bb background_color=\u00a0\u00bbrgba(255, 255, 255, 0)\u00a0\u00bb background_image=\u00a0\u00bbhttps:\/\/guiesviaferratacaladelmoli.com\/wp-content\/uploads\/2021\/02\/IMG-viaferratacoo1.gif\u00a0\u00bb background_url=\u00a0\u00bbhttps:\/\/guiesviaferratacaladelmoli.com\/wp-content\/uploads\/2021\/02\/viaferrataquienessomos.gif\u00a0\u00bb button_one_text_size__hover_enabled=\u00a0\u00bboff\u00a0\u00bb button_two_text_size__hover_enabled=\u00a0\u00bboff\u00a0\u00bb button_one_text_color__hover_enabled=\u00a0\u00bboff\u00a0\u00bb button_two_text_color__hover_enabled=\u00a0\u00bboff\u00a0\u00bb button_one_border_width__hover_enabled=\u00a0\u00bboff\u00a0\u00bb button_two_border_width__hover_enabled=\u00a0\u00bboff\u00a0\u00bb button_one_border_color__hover_enabled=\u00a0\u00bboff\u00a0\u00bb button_two_border_color__hover_enabled=\u00a0\u00bboff\u00a0\u00bb button_one_border_radius__hover_enabled=\u00a0\u00bboff\u00a0\u00bb button_two_border_radius__hover_enabled=\u00a0\u00bboff\u00a0\u00bb button_one_letter_spacing__hover_enabled=\u00a0\u00bboff\u00a0\u00bb button_two_letter_spacing__hover_enabled=\u00a0\u00bboff\u00a0\u00bb button_one_bg_color__hover_enabled=\u00a0\u00bboff\u00a0\u00bb button_two_bg_color__hover_enabled=\u00a0\u00bboff\u00a0\u00bb][\/et_pb_fullwidth_header][\/et_pb_section][et_pb_section fb_built=\u00a0\u00bb1&Prime; _builder_version=\u00a0\u00bb4.4.2&Prime;][et_pb_row _builder_version=\u00a0\u00bb4.4.2&Prime;][et_pb_column type=\u00a0\u00bb4_4&Prime; _builder_version=\u00a0\u00bb4.4.2&Prime;][et_pb_text _builder_version=\u00a0\u00bb4.5.0&Prime; text_text_color=\u00a0\u00bb#000000&Prime; text_font_size=\u00a0\u00bb27px\u00a0\u00bb text_font_size_tablet=\u00a0\u00bb\u00a0\u00bb text_font_size_phone=\u00a0\u00bb25px\u00a0\u00bb text_font_size_last_edited=\u00a0\u00bbon|phone\u00a0\u00bb]<\/p>\n<p><b>VIA FERRATA CALA DEL MOLI :<\/b><\/p>\n<p>[\/et_pb_text][et_pb_text _builder_version=\u00a0\u00bb4.5.0&Prime; text_text_color=\u00a0\u00bb#000000&Prime; text_font_size=\u00a0\u00bb21px\u00a0\u00bb]<\/p>\n<p><b>La via <\/b><b>ferrata<\/b><b> cala <\/b><b>del<\/b> <b>moli<\/b> <strong>a<\/strong><b> 2 sections <\/b><b>connect\u00e9es<\/b><b>: (vous pouvez sortir au milieu<\/b><b>)<\/b><\/p>\n<p>[\/et_pb_text][\/et_pb_column][\/et_pb_row][et_pb_row _builder_version=\u00a0\u00bb4.4.2&Prime;][et_pb_column type=\u00a0\u00bb4_4&Prime; _builder_version=\u00a0\u00bb4.4.2&Prime;][et_pb_text _builder_version=\u00a0\u00bb4.5.0&Prime; text_text_color=\u00a0\u00bb#000000&Prime; text_font_size=\u00a0\u00bb20px\u00a0\u00bb]<\/p>\n<p>. Section 1: Niveau K2 (husler) adapt\u00e9 aux d\u00e9butants<\/p>\n<p>.Section 2: niveau k3 adapt\u00e9 \u00e0 un\u00a0 d\u00e9butant sportif<\/p>\n<p>[\/et_pb_text][\/et_pb_column][\/et_pb_row][et_pb_row column_structure=\u00a0\u00bb1_2,1_2&Prime; _builder_version=\u00a0\u00bb4.4.2&Prime;][et_pb_column type=\u00a0\u00bb1_2&Prime; _builder_version=\u00a0\u00bb4.4.2&Prime;][et_pb_blurb title=\u00a0\u00bbSaison : ouvert toute l&rsquo;ann\u00e9e\u00a0\u00bb image=\u00a0\u00bbhttps:\/\/guiesviaferratacaladelmoli.com\/wp-content\/uploads\/2021\/02\/TEMPORADA.png\u00a0\u00bb icon_placement=\u00a0\u00bbleft\u00a0\u00bb _builder_version=\u00a0\u00bb4.5.0&Prime; border_color_all_image=\u00a0\u00bb#e09900&Prime;][\/et_pb_blurb][et_pb_blurb title=\u00a0\u00bbNiveau K2 \/ k3 D\u00e9butant \/ d\u00e9butant sportif\u00a0\u00bb image=\u00a0\u00bbhttps:\/\/guiesviaferratacaladelmoli.com\/wp-content\/uploads\/2021\/02\/NIVEL.png\u00a0\u00bb icon_placement=\u00a0\u00bbleft\u00a0\u00bb _builder_version=\u00a0\u00bb4.5.0&Prime; border_color_all_image=\u00a0\u00bb#e09900&Prime;][\/et_pb_blurb][et_pb_blurb title=\u00a0\u00bbAcc\u00e8s : 10&prime; du point de vue sur la Calle Sicilia\u00a0\u00bb image=\u00a0\u00bbhttps:\/\/guiesviaferratacaladelmoli.com\/wp-content\/uploads\/2021\/02\/ACESO.png\u00a0\u00bb icon_placement=\u00a0\u00bbleft\u00a0\u00bb _builder_version=\u00a0\u00bb4.5.0&Prime; border_color_all_image=\u00a0\u00bb#e09900&Prime;][\/et_pb_blurb][et_pb_blurb title=\u00a0\u00bbDur\u00e9e : 2h &#8211; 4h\u00a0\u00bb image=\u00a0\u00bbhttps:\/\/guiesviaferratacaladelmoli.com\/wp-content\/uploads\/2021\/02\/reloj.jpg\u00a0\u00bb icon_placement=\u00a0\u00bbleft\u00a0\u00bb _builder_version=\u00a0\u00bb4.5.0&Prime; border_color_all_image=\u00a0\u00bb#e09900&Prime;][\/et_pb_blurb][et_pb_blurb title=\u00a0\u00bbRetour : 10 &lsquo;au point de vue sur la calle Sicilia\u00a0\u00bb image=\u00a0\u00bbhttps:\/\/guiesviaferratacaladelmoli.com\/wp-content\/uploads\/2021\/02\/RETORNO.png\u00a0\u00bb icon_placement=\u00a0\u00bbleft\u00a0\u00bb _builder_version=\u00a0\u00bb4.5.0&Prime; border_color_all_image=\u00a0\u00bb#e09900&Prime;][\/et_pb_blurb][et_pb_blurb title=\u00a0\u00bbLongueur : 480 m\u00e8tres\u00a0\u00bb image=\u00a0\u00bbhttps:\/\/guiesviaferratacaladelmoli.com\/wp-content\/uploads\/2021\/02\/longitud.png\u00a0\u00bb icon_placement=\u00a0\u00bbleft\u00a0\u00bb _builder_version=\u00a0\u00bb4.5.0&Prime; border_color_all_image=\u00a0\u00bb#e09900&Prime;][\/et_pb_blurb][et_pb_blurb title=\u00a0\u00bbHauteur : 28 m\u00e8tres \/ mer\u00a0\u00bb image=\u00a0\u00bbhttps:\/\/guiesviaferratacaladelmoli.com\/wp-content\/uploads\/2021\/02\/ALTURA.png\u00a0\u00bb icon_placement=\u00a0\u00bbleft\u00a0\u00bb _builder_version=\u00a0\u00bb4.5.0&Prime; border_color_all_image=\u00a0\u00bb#e09900&Prime;][\/et_pb_blurb][et_pb_blurb title=\u00a0\u00bbPonts : 3 N\u00e9palais, 3 Tib\u00e9tains, 1 en bois\u00a0\u00bb image=\u00a0\u00bbhttps:\/\/guiesviaferratacaladelmoli.com\/wp-content\/uploads\/2021\/02\/PUENTE.png\u00a0\u00bb icon_placement=\u00a0\u00bbleft\u00a0\u00bb _builder_version=\u00a0\u00bb4.5.0&Prime; border_color_all_image=\u00a0\u00bb#e09900&Prime;][\/et_pb_blurb][et_pb_blurb title=\u00a0\u00bbTaille du groupe : maximum 8 personnes \/ guide\u00a0\u00bb image=\u00a0\u00bbhttps:\/\/guiesviaferratacaladelmoli.com\/wp-content\/uploads\/2021\/02\/tamano-1.png\u00a0\u00bb icon_placement=\u00a0\u00bbleft\u00a0\u00bb _builder_version=\u00a0\u00bb4.5.0&Prime; border_color_all_image=\u00a0\u00bb#e09900&Prime;][\/et_pb_blurb][et_pb_blurb title=\u00a0\u00bbEmplacement : sant Feliu de Gu\u00edxols\u00a0\u00bb image=\u00a0\u00bbhttps:\/\/guiesviaferratacaladelmoli.com\/wp-content\/uploads\/2021\/02\/UBICACION.png\u00a0\u00bb icon_placement=\u00a0\u00bbleft\u00a0\u00bb _builder_version=\u00a0\u00bb4.5.0&Prime; border_color_all_image=\u00a0\u00bb#e09900&Prime;][\/et_pb_blurb][et_pb_blurb title=\u00a0\u00bb\u00c2ge minimum : 13 ans, hauteur minimum 1,5 m. Les mineurs doivent toujours \u00eatre accompagn\u00e9s d&rsquo;un adulte\u00a0\u00bb image=\u00a0\u00bbhttps:\/\/guiesviaferratacaladelmoli.com\/wp-content\/uploads\/2021\/02\/EDAD.png\u00a0\u00bb icon_placement=\u00a0\u00bbleft\u00a0\u00bb _builder_version=\u00a0\u00bb4.5.0&Prime; border_color_all_image=\u00a0\u00bb#e09900&Prime;][\/et_pb_blurb][\/et_pb_column][et_pb_column type=\u00a0\u00bb1_2&Prime; _builder_version=\u00a0\u00bb4.4.2&Prime;][\/et_pb_column][\/et_pb_row][et_pb_row _builder_version=\u00a0\u00bb4.4.2&Prime;][et_pb_column type=\u00a0\u00bb4_4&Prime; _builder_version=\u00a0\u00bb4.4.2&Prime;][et_pb_text _builder_version=\u00a0\u00bb4.5.0&Prime; text_text_color=\u00a0\u00bb#000000&Prime; text_font_size=\u00a0\u00bb27px\u00a0\u00bb]<\/p>\n<p><strong>LES HORAIRES :<\/strong><\/p>\n<p>[\/et_pb_text][et_pb_text _builder_version=\u00a0\u00bb4.5.0&Prime; text_text_color=\u00a0\u00bb#000000&Prime; text_font_size=\u00a0\u00bb21px\u00a0\u00bb]<\/p>\n<p>la via ferrata de Cala del Moli est un itin\u00e9raire tr\u00e8s connu et fr\u00e9quent\u00e9, notamment le wee-end et en \u00e9t\u00e9.<\/p>\n<p>[\/et_pb_text][et_pb_text _builder_version=\u00a0\u00bb4.5.0&Prime; text_text_color=\u00a0\u00bb#000000&Prime; text_font_size=\u00a0\u00bb21px\u00a0\u00bb]<\/p>\n<p>Nous faison 3 sorties par jour, la dur\u00e9e en \u00e9t\u00e9 d\u00e9pend beaucoup de l&rsquo;heure de d\u00e9part:<\/p>\n<p>[\/et_pb_text][\/et_pb_column][\/et_pb_row][et_pb_row _builder_version=\u00a0\u00bb4.4.2&Prime;][et_pb_column type=\u00a0\u00bb4_4&Prime; _builder_version=\u00a0\u00bb4.4.2&Prime;][et_pb_divider color=\u00a0\u00bb#e09900&Prime; divider_weight=\u00a0\u00bb2px\u00a0\u00bb _builder_version=\u00a0\u00bb4.5.0&Prime; width=\u00a0\u00bb50%\u00a0\u00bb max_width=\u00a0\u00bb90%\u00a0\u00bb custom_padding=\u00a0\u00bb|||23px|false|false\u00a0\u00bb][\/et_pb_divider][\/et_pb_column][\/et_pb_row][et_pb_row _builder_version=\u00a0\u00bb4.4.2&Prime;][et_pb_column type=\u00a0\u00bb4_4&Prime; _builder_version=\u00a0\u00bb4.4.2&Prime;][et_pb_text _builder_version=\u00a0\u00bb4.5.0&Prime; text_text_color=\u00a0\u00bb#000000&Prime; text_font_size=\u00a0\u00bb20px\u00a0\u00bb]<\/p>\n<p><strong>\u00a0Sortie 8h15 :<\/strong><\/p>\n<p>Dur\u00e9e 2h &#8211; Chaleur : OK &#8211; Peu de gent<\/p>\n<p>[\/et_pb_text][et_pb_divider color=\u00a0\u00bb#e09900&Prime; divider_weight=\u00a0\u00bb2px\u00a0\u00bb _builder_version=\u00a0\u00bb4.4.2&Prime; width=\u00a0\u00bb50%\u00a0\u00bb max_width=\u00a0\u00bb90%\u00a0\u00bb custom_padding=\u00a0\u00bb|||23px|false|false\u00a0\u00bb][\/et_pb_divider][\/et_pb_column][\/et_pb_row][et_pb_row _builder_version=\u00a0\u00bb4.5.3&Prime; custom_margin=\u00a0\u00bb-42px||||false|false\u00a0\u00bb][et_pb_column type=\u00a0\u00bb4_4&Prime; _builder_version=\u00a0\u00bb4.4.2&Prime;][et_pb_text _builder_version=\u00a0\u00bb4.5.0&Prime; text_text_color=\u00a0\u00bb#000000&Prime; text_font_size=\u00a0\u00bb20px\u00a0\u00bb custom_margin=\u00a0\u00bb||26px||false|false\u00a0\u00bb custom_padding=\u00a0\u00bb||14px||false|false\u00a0\u00bb]<\/p>\n<p><strong>Sortie 10h30 :<\/strong><\/p>\n<p>Dur\u00e9e 3 h a 4 h &#8211; Beaucoup de soleil &#8211; Beacoup de gent les weekends<\/p>\n<p>[\/et_pb_text][et_pb_divider color=\u00a0\u00bb#e09900&Prime; divider_weight=\u00a0\u00bb2px\u00a0\u00bb _builder_version=\u00a0\u00bb4.4.2&Prime; width=\u00a0\u00bb50%\u00a0\u00bb max_width=\u00a0\u00bb90%\u00a0\u00bb custom_padding=\u00a0\u00bb|||23px|false|false\u00a0\u00bb][\/et_pb_divider][\/et_pb_column][\/et_pb_row][et_pb_row _builder_version=\u00a0\u00bb4.5.3&Prime; custom_margin=\u00a0\u00bb-32px||||false|false\u00a0\u00bb][et_pb_column type=\u00a0\u00bb4_4&Prime; _builder_version=\u00a0\u00bb4.4.2&Prime;][et_pb_text _builder_version=\u00a0\u00bb4.5.0&Prime; text_text_color=\u00a0\u00bb#000000&Prime; text_font_size=\u00a0\u00bb20px\u00a0\u00bb]<\/p>\n<p><strong>Sortie 8h15 :<\/strong><\/p>\n<p>Dur\u00e9e 2h &#8211; Ombre &#8211; Peu de gent<\/p>\n<p>[\/et_pb_text][et_pb_divider color=\u00a0\u00bb#e09900&Prime; divider_weight=\u00a0\u00bb2px\u00a0\u00bb _builder_version=\u00a0\u00bb4.4.2&Prime; width=\u00a0\u00bb50%\u00a0\u00bb max_width=\u00a0\u00bb90%\u00a0\u00bb custom_padding=\u00a0\u00bb|||23px|false|false\u00a0\u00bb][\/et_pb_divider][et_pb_text _builder_version=\u00a0\u00bb4.5.0&Prime; text_text_color=\u00a0\u00bb#000000&Prime; text_font_size=\u00a0\u00bb20px\u00a0\u00bb]<\/p>\n<p><strong>Sortie Coastering Cala del Peix: 10h<\/strong><\/p>\n<p>&nbsp;<\/p>\n<p>[\/et_pb_text][et_pb_divider color=\u00a0\u00bb#e09900&Prime; divider_weight=\u00a0\u00bb2px\u00a0\u00bb _builder_version=\u00a0\u00bb4.4.2&Prime; width=\u00a0\u00bb50%\u00a0\u00bb max_width=\u00a0\u00bb90%\u00a0\u00bb custom_padding=\u00a0\u00bb|||23px|false|false\u00a0\u00bb][\/et_pb_divider][\/et_pb_column][\/et_pb_row][et_pb_row _builder_version=\u00a0\u00bb4.4.2&Prime;][et_pb_column type=\u00a0\u00bb4_4&Prime; _builder_version=\u00a0\u00bb4.4.2&Prime;][et_pb_text _builder_version=\u00a0\u00bb4.5.0&Prime; text_text_color=\u00a0\u00bb#000000&Prime; text_font_size=\u00a0\u00bb27px\u00a0\u00bb text_font_size_tablet=\u00a0\u00bb\u00a0\u00bb text_font_size_phone=\u00a0\u00bb25px\u00a0\u00bb text_font_size_last_edited=\u00a0\u00bbon|phone\u00a0\u00bb]<\/p>\n<p><b>COASTERING CALA DEL PEIX :<\/b><\/p>\n<p>[\/et_pb_text][\/et_pb_column][\/et_pb_row][et_pb_row column_structure=\u00a0\u00bb1_2,1_2&Prime; _builder_version=\u00a0\u00bb4.4.2&Prime;][et_pb_column type=\u00a0\u00bb1_2&Prime; _builder_version=\u00a0\u00bb4.4.2&Prime;][et_pb_blurb title=\u00a0\u00bbSaison : ouvert de mars \u00e0 novembre\u00a0\u00bb image=\u00a0\u00bbhttps:\/\/guiesviaferratacaladelmoli.com\/wp-content\/uploads\/2021\/02\/TEMPORADA.png\u00a0\u00bb icon_placement=\u00a0\u00bbleft\u00a0\u00bb _builder_version=\u00a0\u00bb4.5.0&Prime; border_color_all_image=\u00a0\u00bb#e09900&Prime;][\/et_pb_blurb][et_pb_blurb title=\u00a0\u00bbNiveau : D\u00e9butant ( il faut savoir nager et ne  pas avoir le vertige)\u00a0\u00bb image=\u00a0\u00bbhttps:\/\/guiesviaferratacaladelmoli.com\/wp-content\/uploads\/2021\/02\/NIVEL.png\u00a0\u00bb icon_placement=\u00a0\u00bbleft\u00a0\u00bb _builder_version=\u00a0\u00bb4.5.0&Prime; border_color_all_image=\u00a0\u00bb#e09900&Prime;][\/et_pb_blurb][et_pb_blurb title=\u00a0\u00bbAcc\u00e8s : 10 &lsquo;de la carrer de Paris\u00a0\u00bb image=\u00a0\u00bbhttps:\/\/guiesviaferratacaladelmoli.com\/wp-content\/uploads\/2021\/02\/ACESO.png\u00a0\u00bb icon_placement=\u00a0\u00bbleft\u00a0\u00bb _builder_version=\u00a0\u00bb4.5.0&Prime; border_color_all_image=\u00a0\u00bb#e09900&Prime;][\/et_pb_blurb][et_pb_blurb title=\u00a0\u00bbDur\u00e9e : 3h environ\u00a0\u00bb image=\u00a0\u00bbhttps:\/\/guiesviaferratacaladelmoli.com\/wp-content\/uploads\/2021\/02\/reloj.jpg\u00a0\u00bb icon_placement=\u00a0\u00bbleft\u00a0\u00bb _builder_version=\u00a0\u00bb4.5.0&Prime; border_color_all_image=\u00a0\u00bb#e09900&Prime;][\/et_pb_blurb][et_pb_blurb title=\u00a0\u00bbRetour : 10\u2019 \u00a0\u00bb image=\u00a0\u00bbhttps:\/\/guiesviaferratacaladelmoli.com\/wp-content\/uploads\/2021\/02\/RETORNO.png\u00a0\u00bb icon_placement=\u00a0\u00bbleft\u00a0\u00bb _builder_version=\u00a0\u00bb4.5.0&Prime; border_color_all_image=\u00a0\u00bb#e09900&Prime;][\/et_pb_blurb][et_pb_blurb title=\u00a0\u00bbLongueur : 500 m\u00e8tres\u00a0\u00bb image=\u00a0\u00bbhttps:\/\/guiesviaferratacaladelmoli.com\/wp-content\/uploads\/2021\/02\/longitud.png\u00a0\u00bb icon_placement=\u00a0\u00bbleft\u00a0\u00bb _builder_version=\u00a0\u00bb4.5.0&Prime; border_color_all_image=\u00a0\u00bb#e09900&Prime;][\/et_pb_blurb][et_pb_blurb title=\u00a0\u00bbDescriptions : 3 rappels, 5 sauts, 1 tyrolienne, 2 grottes\u00a0\u00bb image=\u00a0\u00bbhttps:\/\/guiesviaferratacaladelmoli.com\/wp-content\/uploads\/2021\/02\/marca-de-verificacion.png\u00a0\u00bb icon_placement=\u00a0\u00bbleft\u00a0\u00bb _builder_version=\u00a0\u00bb4.5.0&Prime; border_color_all_image=\u00a0\u00bb#e09900&Prime;][\/et_pb_blurb][et_pb_blurb title=\u00a0\u00bbTaille du groupe : maximum 6 personnes \/ guide\u00a0\u00bb image=\u00a0\u00bbhttps:\/\/guiesviaferratacaladelmoli.com\/wp-content\/uploads\/2021\/02\/tamano-1.png\u00a0\u00bb icon_placement=\u00a0\u00bbleft\u00a0\u00bb _builder_version=\u00a0\u00bb4.5.0&Prime; border_color_all_image=\u00a0\u00bb#e09900&Prime;][\/et_pb_blurb][et_pb_blurb title=\u00a0\u00bbEmplacement : sant Feliu de Gu\u00edxols\u00a0\u00bb image=\u00a0\u00bbhttps:\/\/guiesviaferratacaladelmoli.com\/wp-content\/uploads\/2021\/02\/UBICACION.png\u00a0\u00bb icon_placement=\u00a0\u00bbleft\u00a0\u00bb _builder_version=\u00a0\u00bb4.5.0&Prime; border_color_all_image=\u00a0\u00bb#e09900&Prime;][\/et_pb_blurb][et_pb_blurb title=\u00a0\u00bb\u00c0ge minimum : 12 ans, hauteur minimum 1,5 m. Les mineurs doivent toujours \u00eatre accompagn\u00e9s d&rsquo;un adulte\u00a0\u00bb image=\u00a0\u00bbhttps:\/\/guiesviaferratacaladelmoli.com\/wp-content\/uploads\/2021\/02\/EDAD.png\u00a0\u00bb icon_placement=\u00a0\u00bbleft\u00a0\u00bb _builder_version=\u00a0\u00bb4.5.0&Prime; border_color_all_image=\u00a0\u00bb#e09900&Prime;][\/et_pb_blurb][et_pb_blurb title=\u00a0\u00bbHoraires : tous les jours \u00e0 10h ( v\u00e9rifier la disponibilit\u00e9)\u00a0\u00bb image=\u00a0\u00bbhttps:\/\/guiesviaferratacaladelmoli.com\/wp-content\/uploads\/2021\/02\/reloj.jpg\u00a0\u00bb icon_placement=\u00a0\u00bbleft\u00a0\u00bb _builder_version=\u00a0\u00bb4.5.0&Prime; border_color_all_image=\u00a0\u00bb#e09900&Prime;][\/et_pb_blurb][\/et_pb_column][et_pb_column type=\u00a0\u00bb1_2&Prime; _builder_version=\u00a0\u00bb4.4.2&Prime;][\/et_pb_column][\/et_pb_row][et_pb_row column_structure=\u00a0\u00bb1_3,1_3,1_3&Prime; _builder_version=\u00a0\u00bb4.4.2&Prime;][et_pb_column type=\u00a0\u00bb1_3&Prime; _builder_version=\u00a0\u00bb4.4.2&Prime;][\/et_pb_column][et_pb_column type=\u00a0\u00bb1_3&Prime; _builder_version=\u00a0\u00bb4.4.2&Prime;][\/et_pb_column][et_pb_column type=\u00a0\u00bb1_3&Prime; _builder_version=\u00a0\u00bb4.4.2&Prime;][et_pb_blurb_extended title=\u00a0\u00bbFaites votre r\u00e9servation !!\u00a0\u00bb url=\u00a0\u00bbhttps:\/\/guiesviaferratacaladelmoli.com\/fr\/contact\/\u00a0\u00bb read_more_button=\u00a0\u00bbon\u00a0\u00bb read_more_text=\u00a0\u00bbR\u00e9servez maintenant\u00a0\u00bb read_more_hover_background_color=\u00a0\u00bb#f2f2f2&Prime; read_more_hover_text_color=\u00a0\u00bb#000000&Prime; use_icon=\u00a0\u00bbon\u00a0\u00bb font_icon=\u00a0\u00bb%%49%%\u00a0\u00bb icon_color=\u00a0\u00bb#f2f2f2&Prime; use_icon_font_size=\u00a0\u00bbon\u00a0\u00bb icon_font_size=\u00a0\u00bb30px\u00a0\u00bb icon_hover_color=\u00a0\u00bb#000000&Prime; style_icon=\u00a0\u00bbon\u00a0\u00bb shape_color=\u00a0\u00bbrgba(43,130,58,0.79)\u00a0\u00bb shape_hover_color=\u00a0\u00bb#edf000&Prime; use_shape_border=\u00a0\u00bbon\u00a0\u00bb shape_border_hover_color=\u00a0\u00bb#000000&Prime; content_background_color=\u00a0\u00bb#e09900&Prime; text_hover_color=\u00a0\u00bb#e09900&Prime; blurb_layout=\u00a0\u00bbborderbox\u00a0\u00bb borderbox_border_color=\u00a0\u00bbrgba(43,130,58,0.79)\u00a0\u00bb _builder_version=\u00a0\u00bb4.5.0&Prime; header_text_color=\u00a0\u00bb#efefef\u00a0\u00bb header_font_size=\u00a0\u00bb19px\u00a0\u00bb custom_read_more=\u00a0\u00bbon\u00a0\u00bb read_more_text_size=\u00a0\u00bb15px\u00a0\u00bb read_more_text_color=\u00a0\u00bb#000000&Prime; read_more_bg_color=\u00a0\u00bb#efefef\u00a0\u00bb hover_enabled=\u00a0\u00bb0&Prime;][\/et_pb_blurb_extended][\/et_pb_column][\/et_pb_row][\/et_pb_section]<\/p>\n","protected":false},"excerpt":{"rendered":"<p>VIA FERRATA CALA DEL MOLI :La via ferrata cala del moli a 2 sections connect\u00e9es: (vous pouvez sortir au milieu). Section 1: Niveau K2 (husler) adapt\u00e9 aux d\u00e9butants .Section 2: niveau k3 adapt\u00e9 \u00e0 un\u00a0 d\u00e9butant sportifLES HORAIRES :la via ferrata de Cala del Moli est un itin\u00e9raire tr\u00e8s connu et fr\u00e9quent\u00e9, notamment le wee-end [&hellip;]<\/p>\n","protected":false},"author":1,"featured_media":0,"parent":0,"menu_order":0,"comment_status":"closed","ping_status":"closed","template":"","meta":{"_et_pb_use_builder":"on","_et_pb_old_content":"","_et_gb_content_width":"","footnotes":""},"class_list":["post-381","page","type-page","status-publish","hentry"],"_links":{"self":[{"href":"https:\/\/guiesviaferratacaladelmoli.com\/fr\/wp-json\/wp\/v2\/pages\/381","targetHints":{"allow":["GET"]}}],"collection":[{"href":"https:\/\/guiesviaferratacaladelmoli.com\/fr\/wp-json\/wp\/v2\/pages"}],"about":[{"href":"https:\/\/guiesviaferratacaladelmoli.com\/fr\/wp-json\/wp\/v2\/types\/page"}],"author":[{"embeddable":true,"href":"https:\/\/guiesviaferratacaladelmoli.com\/fr\/wp-json\/wp\/v2\/users\/1"}],"replies":[{"embeddable":true,"href":"https:\/\/guiesviaferratacaladelmoli.com\/fr\/wp-json\/wp\/v2\/comments?post=381"}],"version-history":[{"count":8,"href":"https:\/\/guiesviaferratacaladelmoli.com\/fr\/wp-json\/wp\/v2\/pages\/381\/revisions"}],"predecessor-version":[{"id":415,"href":"https:\/\/guiesviaferratacaladelmoli.com\/fr\/wp-json\/wp\/v2\/pages\/381\/revisions\/415"}],"wp:attachment":[{"href":"https:\/\/guiesviaferratacaladelmoli.com\/fr\/wp-json\/wp\/v2\/media?parent=381"}],"curies":[{"name":"wp","href":"https:\/\/api.w.org\/{rel}","templated":true}]}}