{"id":339,"date":"2021-02-10T07:53:38","date_gmt":"2021-02-10T07:53:38","guid":{"rendered":"https:\/\/guiesviaferratacaladelmoli.com\/actividades\/"},"modified":"2021-03-06T15:13:36","modified_gmt":"2021-03-06T15:13:36","slug":"activites","status":"publish","type":"page","link":"https:\/\/guiesviaferratacaladelmoli.com\/fr\/activites\/","title":{"rendered":"Activit\u00e9s"},"content":{"rendered":"<p>[et_pb_section fb_built=\u00a0\u00bb1&Prime; _builder_version=\u00a0\u00bb4.4.7&Prime;][et_pb_row _builder_version=\u00a0\u00bb4.5.0&Prime; custom_margin=\u00a0\u00bb0px||||false|false\u00a0\u00bb custom_margin_tablet=\u00a0\u00bb\u00a0\u00bb custom_margin_phone=\u00a0\u00bb\u00a0\u00bb custom_margin_last_edited=\u00a0\u00bbon|phone\u00a0\u00bb][et_pb_column type=\u00a0\u00bb4_4&Prime; _builder_version=\u00a0\u00bb4.4.7&Prime;][et_pb_text _builder_version=\u00a0\u00bb4.5.0&Prime; text_font=\u00a0\u00bb|600|||||||\u00a0\u00bb text_text_color=\u00a0\u00bb#0c71c3&Prime; text_font_size=\u00a0\u00bb23px\u00a0\u00bb text_orientation=\u00a0\u00bbcenter\u00a0\u00bb]<\/p>\n<p>ACTIVIT\u00c9S<\/p>\n<p>[\/et_pb_text][et_pb_text _builder_version=\u00a0\u00bb4.5.0&Prime; _module_preset=\u00a0\u00bbdefault\u00a0\u00bb text_font=\u00a0\u00bb|600|||||||\u00a0\u00bb text_text_color=\u00a0\u00bb#000000&Prime; text_font_size=\u00a0\u00bb22px\u00a0\u00bb text_font_size_tablet=\u00a0\u00bb\u00a0\u00bb text_font_size_phone=\u00a0\u00bb\u00a0\u00bb text_font_size_last_edited=\u00a0\u00bbon|desktop\u00a0\u00bb]<\/p>\n<p>Notre activit\u00e9 principale est de proposer des itin\u00e9raires sur la Via Ferrata cala del moli.<\/p>\n<p>Cependant depuis 2020, nous proposons une nouvelle activit\u00e9 de Coastering \u00e1 la Cala del Peix \u00e0\u00a0 Sant Feliu de Gu\u00edxols<\/p>\n<p>[\/et_pb_text][et_pb_text _builder_version=\u00a0\u00bb4.5.0&Prime; _module_preset=\u00a0\u00bbdefault\u00a0\u00bb text_font=\u00a0\u00bb|600|||||||\u00a0\u00bb text_text_color=\u00a0\u00bb#0c71c3&Prime; text_font_size=\u00a0\u00bb23px\u00a0\u00bb]<\/p>\n<p>VIA FERRATA CALA DEL MOLI:<\/p>\n<p>[\/et_pb_text][et_pb_text _builder_version=\u00a0\u00bb4.5.0&Prime; _module_preset=\u00a0\u00bbdefault\u00a0\u00bb text_font=\u00a0\u00bb|600|||||||\u00a0\u00bb text_text_color=\u00a0\u00bb#000000&Prime; text_font_size=\u00a0\u00bb22px\u00a0\u00bb]<\/p>\n<p>La via Ferrata Cala del Moli, situ\u00e9e \u00e0 Sant\u00a0 Feliu de Gu\u00edxols sur la Costa Brava, est la seule via Ferrata au monde construite sur\u00a0 la mer.<\/p>\n<p>[\/et_pb_text][\/et_pb_column][\/et_pb_row][et_pb_row _builder_version=\u00a0\u00bb4.4.7&Prime;][et_pb_column type=\u00a0\u00bb4_4&Prime; _builder_version=\u00a0\u00bb4.4.7&Prime;][dnxt_next_multi_heading text_one=\u00a0\u00bbsaison :\u00a0\u00bb text_two=\u00a0\u00bbouvert toute l&rsquo;ann\u00e9e\u00a0\u00bb _builder_version=\u00a0\u00bb4.5.0&Prime; text_one_font=\u00a0\u00bb|600|||||||\u00a0\u00bb text_one_text_color=\u00a0\u00bb#000000&Prime; text_one_font_size=\u00a0\u00bb23px\u00a0\u00bb text_two_font=\u00a0\u00bb|600|||||||\u00a0\u00bb text_two_font_size=\u00a0\u00bb23px\u00a0\u00bb][\/dnxt_next_multi_heading][dnxt_next_multi_heading text_one=\u00a0\u00bbTaille du groupe : \u00a0\u00bb text_two=\u00a0\u00bbmaximum  8 personnes \/ guide\u00a0\u00bb _builder_version=\u00a0\u00bb4.5.0&Prime; text_one_font=\u00a0\u00bb|600|||||||\u00a0\u00bb text_one_text_color=\u00a0\u00bb#000000&Prime; text_one_font_size=\u00a0\u00bb23px\u00a0\u00bb text_two_font=\u00a0\u00bb|600|||||||\u00a0\u00bb text_two_font_size=\u00a0\u00bb23px\u00a0\u00bb][\/dnxt_next_multi_heading][dnxt_next_multi_heading text_one=\u00a0\u00bbLieu :\u00a0\u00bb text_two=\u00a0\u00bb Sant Felui de Guixols\u00a0\u00bb _builder_version=\u00a0\u00bb4.5.0&Prime; text_one_font=\u00a0\u00bb|600|||||||\u00a0\u00bb text_one_text_color=\u00a0\u00bb#000000&Prime; text_one_font_size=\u00a0\u00bb23px\u00a0\u00bb text_two_font=\u00a0\u00bb|600|||||||\u00a0\u00bb text_two_font_size=\u00a0\u00bb23px\u00a0\u00bb][\/dnxt_next_multi_heading][dnxt_next_multi_heading text_one=\u00a0\u00bb\u00c2ge minimum : \u00a0\u00bb text_two=\u00a0\u00bb13 ans. Les mineurs doivent toujours \u00eatre accompagn\u00e9s d&rsquo;un  adulte\u00a0\u00bb _builder_version=\u00a0\u00bb4.5.0&Prime; text_one_font=\u00a0\u00bb|600|||||||\u00a0\u00bb text_one_text_color=\u00a0\u00bb#000000&Prime; text_one_font_size=\u00a0\u00bb23px\u00a0\u00bb text_two_font=\u00a0\u00bb|600|||||||\u00a0\u00bb text_two_font_size=\u00a0\u00bb23px\u00a0\u00bb][\/dnxt_next_multi_heading][\/et_pb_column][\/et_pb_row][et_pb_row _builder_version=\u00a0\u00bb4.4.7&Prime;][et_pb_column type=\u00a0\u00bb4_4&Prime; _builder_version=\u00a0\u00bb4.4.7&Prime;][et_pb_text _builder_version=\u00a0\u00bb4.5.0&Prime; text_font=\u00a0\u00bb|600|||||||\u00a0\u00bb text_text_color=\u00a0\u00bb#000000&Prime; text_font_size=\u00a0\u00bb26px\u00a0\u00bb text_font_size_tablet=\u00a0\u00bb\u00a0\u00bb text_font_size_phone=\u00a0\u00bb22px\u00a0\u00bb text_font_size_last_edited=\u00a0\u00bbon|desktop\u00a0\u00bb]<\/p>\n<p>TARIFS GUIDES : 30 \u20ac \/ personne<\/p>\n<p>[\/et_pb_text][\/et_pb_column][\/et_pb_row][et_pb_row _builder_version=\u00a0\u00bb4.4.7&Prime;][et_pb_column type=\u00a0\u00bb4_4&Prime; _builder_version=\u00a0\u00bb4.4.7&Prime;][et_pb_text _builder_version=\u00a0\u00bb4.5.0&Prime; text_font=\u00a0\u00bb|600|||||||\u00a0\u00bb text_text_color=\u00a0\u00bb#000000&Prime; text_font_size=\u00a0\u00bb22px\u00a0\u00bb text_font_size_tablet=\u00a0\u00bb\u00a0\u00bb text_font_size_phone=\u00a0\u00bb22px\u00a0\u00bb text_font_size_last_edited=\u00a0\u00bbon|phone\u00a0\u00bb]<\/p>\n<p>Les prix comprennent :<\/p>\n<p>[\/et_pb_text][\/et_pb_column][\/et_pb_row][et_pb_row _builder_version=\u00a0\u00bb4.4.7&Prime; custom_margin=\u00a0\u00bb|100px|||false|false\u00a0\u00bb][et_pb_column type=\u00a0\u00bb4_4&Prime; _builder_version=\u00a0\u00bb4.4.7&Prime;][et_pb_text _builder_version=\u00a0\u00bb4.5.0&Prime; text_text_color=\u00a0\u00bb#000000&Prime; text_font_size=\u00a0\u00bb22px\u00a0\u00bb custom_margin=\u00a0\u00bb|||15px|false|false\u00a0\u00bb text_font_size_tablet=\u00a0\u00bb\u00a0\u00bb text_font_size_phone=\u00a0\u00bb19px\u00a0\u00bb text_font_size_last_edited=\u00a0\u00bbon|phone\u00a0\u00bb]<\/p>\n<p><span style=\"vertical-align: inherit;\"><span style=\"vertical-align: inherit;\">.T.V.A.<\/span><\/span><\/p>\n<p><span style=\"vertical-align: inherit;\"><span style=\"vertical-align: inherit;\">. Guide qualifi\u00e9 et ex\u00e9riment\u00e9<\/span><\/span><\/p>\n<p><span style=\"vertical-align: inherit;\"><span style=\"vertical-align: inherit;\">. Reportage photo ( minimum 60 photos \/ sortie)<\/span><\/span><\/p>\n<p><span style=\"vertical-align: inherit;\"><span style=\"vertical-align: inherit;\">. Assurance RC et accident<\/span><\/span><\/p>\n<p><span style=\"vertical-align: inherit;\"><span style=\"vertical-align: inherit;\">. Boisson pendant le voyage<\/span><\/span><\/p>\n<p>[\/et_pb_text][\/et_pb_column][\/et_pb_row][et_pb_row _builder_version=\u00a0\u00bb4.4.7&Prime;][et_pb_column type=\u00a0\u00bb4_4&Prime; _builder_version=\u00a0\u00bb4.4.7&Prime;][et_pb_text _builder_version=\u00a0\u00bb4.5.0&Prime; text_font=\u00a0\u00bb|600|||||||\u00a0\u00bb text_text_color=\u00a0\u00bb#000000&Prime; text_font_size=\u00a0\u00bb22px\u00a0\u00bb text_font_size_tablet=\u00a0\u00bb\u00a0\u00bb text_font_size_phone=\u00a0\u00bb22px\u00a0\u00bb text_font_size_last_edited=\u00a0\u00bbon|phone\u00a0\u00bb]<\/p>\n<p><span style=\"vertical-align: inherit;\"><span style=\"vertical-align: inherit;\">Mat\u00e9riel homologu\u00e9 :<\/span><\/span><\/p>\n<p>[\/et_pb_text][\/et_pb_column][\/et_pb_row][et_pb_row _builder_version=\u00a0\u00bb4.4.7&Prime; custom_margin=\u00a0\u00bb|100px|||false|false\u00a0\u00bb][et_pb_column type=\u00a0\u00bb4_4&Prime; _builder_version=\u00a0\u00bb4.4.7&Prime;][et_pb_text _builder_version=\u00a0\u00bb4.5.0&Prime; text_text_color=\u00a0\u00bb#000000&Prime; text_font_size=\u00a0\u00bb22px\u00a0\u00bb custom_padding=\u00a0\u00bb|||12px|false|false\u00a0\u00bb text_font_size_tablet=\u00a0\u00bb\u00a0\u00bb text_font_size_phone=\u00a0\u00bb19px\u00a0\u00bb text_font_size_last_edited=\u00a0\u00bbon|phone\u00a0\u00bb]<\/p>\n<p><span style=\"vertical-align: inherit;\"><span style=\"vertical-align: inherit;\"><span style=\"vertical-align: inherit;\"><span style=\"vertical-align: inherit;\">. Harnais <strong>mod\u00e8le confort<\/strong><\/span><\/span><\/span><\/span><\/p>\n<p><span style=\"vertical-align: inherit;\"><span style=\"vertical-align: inherit;\"><span style=\"vertical-align: inherit;\"><span style=\"vertical-align: inherit;\">. Dissipateur d&rsquo;energie avec mousquetons type k<\/span><\/span><\/span><\/span><\/p>\n<p><span style=\"vertical-align: inherit;\"><span style=\"vertical-align: inherit;\"><span style=\"vertical-align: inherit;\"><span style=\"vertical-align: inherit;\">. Vache<strong>\u00a0de repos<\/strong><\/span><\/span><\/span><\/span><\/p>\n<p><span style=\"vertical-align: inherit;\"><span style=\"vertical-align: inherit;\"><span style=\"vertical-align: inherit;\"><span style=\"vertical-align: inherit;\">. <strong>Gants<\/strong><\/span><\/span><\/span><\/span><\/p>\n<p><span style=\"vertical-align: inherit;\"><span style=\"vertical-align: inherit;\"><span style=\"vertical-align: inherit;\"><span style=\"vertical-align: inherit;\">. Casque<\/span><\/span><\/span><\/span><\/p>\n<p>[\/et_pb_text][\/et_pb_column][\/et_pb_row][et_pb_row _builder_version=\u00a0\u00bb4.5.0&Prime; _module_preset=\u00a0\u00bbdefault\u00a0\u00bb][et_pb_column type=\u00a0\u00bb4_4&Prime; _builder_version=\u00a0\u00bb4.5.0&Prime; _module_preset=\u00a0\u00bbdefault\u00a0\u00bb][et_pb_text _builder_version=\u00a0\u00bb4.5.0&Prime; text_font=\u00a0\u00bb|600|||||||\u00a0\u00bb text_text_color=\u00a0\u00bb#000000&Prime; text_font_size=\u00a0\u00bb22px\u00a0\u00bb text_font_size_tablet=\u00a0\u00bb\u00a0\u00bb text_font_size_phone=\u00a0\u00bb22px\u00a0\u00bb text_font_size_last_edited=\u00a0\u00bbon|phone\u00a0\u00bb]<\/p>\n<p><span style=\"vertical-align: inherit;\"><span style=\"vertical-align: inherit;\">LOCATION DE MATERIAL :<\/span><\/span><\/p>\n<p>[\/et_pb_text][\/et_pb_column][\/et_pb_row][et_pb_row _builder_version=\u00a0\u00bb4.4.7&Prime; custom_margin=\u00a0\u00bb|100px|||false|false\u00a0\u00bb][et_pb_column type=\u00a0\u00bb4_4&Prime; _builder_version=\u00a0\u00bb4.4.7&Prime;][et_pb_text _builder_version=\u00a0\u00bb4.5.0&Prime; text_text_color=\u00a0\u00bb#000000&Prime; text_font_size=\u00a0\u00bb22px\u00a0\u00bb custom_margin=\u00a0\u00bb|||-60px|false|false\u00a0\u00bb custom_padding=\u00a0\u00bb|||71px|false|false\u00a0\u00bb text_font_size_tablet=\u00a0\u00bb\u00a0\u00bb text_font_size_phone=\u00a0\u00bb19px\u00a0\u00bb text_font_size_last_edited=\u00a0\u00bbon|phone\u00a0\u00bb]<\/p>\n<p><span style=\"vertical-align: inherit;\"><span style=\"vertical-align: inherit;\"><span style=\"vertical-align: inherit;\"><span style=\"vertical-align: inherit;\">. Prix: 17\u20ac \/ personne<\/span><\/span><\/span><\/span><\/p>\n<p><span style=\"vertical-align: inherit;\"><span style=\"vertical-align: inherit;\"><span style=\"vertical-align: inherit;\"><span style=\"vertical-align: inherit;\">. Nous transportons et collectons le mat\u00e9riel \u00e0 c\u00f4t\u00e9 de la VIA.<\/span><\/span><\/span><\/span><\/p>\n<p><span style=\"vertical-align: inherit;\"><span style=\"vertical-align: inherit;\"><span style=\"vertical-align: inherit;\"><span style=\"vertical-align: inherit;\">. Por votre s\u00e9curit\u00e9, nous louons uniquement notre mat\u00e9riel aux personnes ayant une exp\u00e9rience av\u00e9r\u00e9e<\/span><\/span><\/span><\/span><\/p>\n<p>[\/et_pb_text][\/et_pb_column][\/et_pb_row][et_pb_row _builder_version=\u00a0\u00bb4.5.0&Prime; _module_preset=\u00a0\u00bbdefault\u00a0\u00bb][et_pb_column type=\u00a0\u00bb4_4&Prime; _builder_version=\u00a0\u00bb4.5.0&Prime; _module_preset=\u00a0\u00bbdefault\u00a0\u00bb][et_pb_text _builder_version=\u00a0\u00bb4.5.0&Prime; text_font=\u00a0\u00bb|600|||||||\u00a0\u00bb text_text_color=\u00a0\u00bb#000000&Prime; text_font_size=\u00a0\u00bb22px\u00a0\u00bb text_font_size_tablet=\u00a0\u00bb\u00a0\u00bb text_font_size_phone=\u00a0\u00bb22px\u00a0\u00bb text_font_size_last_edited=\u00a0\u00bbon|phone\u00a0\u00bb]<\/p>\n<p><span style=\"vertical-align: inherit;\"><span style=\"vertical-align: inherit;\">Mat\u00e9riel n\u00e9cessaire :<\/span><\/span><\/p>\n<p>[\/et_pb_text][\/et_pb_column][\/et_pb_row][et_pb_row _builder_version=\u00a0\u00bb4.4.7&Prime; custom_margin=\u00a0\u00bb|100px|||false|false\u00a0\u00bb][et_pb_column type=\u00a0\u00bb4_4&Prime; _builder_version=\u00a0\u00bb4.4.7&Prime;][et_pb_text _builder_version=\u00a0\u00bb4.5.0&Prime; text_text_color=\u00a0\u00bb#000000&Prime; text_font_size=\u00a0\u00bb22px\u00a0\u00bb custom_padding=\u00a0\u00bb|||12px|false|false\u00a0\u00bb text_font_size_tablet=\u00a0\u00bb\u00a0\u00bb text_font_size_phone=\u00a0\u00bb19px\u00a0\u00bb text_font_size_last_edited=\u00a0\u00bbon|phone\u00a0\u00bb]<\/p>\n<p><span style=\"vertical-align: inherit;\"><span style=\"vertical-align: inherit;\"><span style=\"vertical-align: inherit;\"><span style=\"vertical-align: inherit;\">. Baskets et v\u00eatements de sport<\/span><\/span><\/span><\/span><\/p>\n<p><span style=\"vertical-align: inherit;\"><span style=\"vertical-align: inherit;\"><span style=\"vertical-align: inherit;\"><span style=\"vertical-align: inherit;\">. Cr\u00e8me solaire<\/span><\/span><\/span><\/span><\/p>\n<p><span style=\"vertical-align: inherit;\"><span style=\"vertical-align: inherit;\"><span style=\"vertical-align: inherit;\"><span style=\"vertical-align: inherit;\">. Lunettes de soleil<\/span><\/span><\/span><\/span><\/p>\n<p>. DNI<\/p>\n<p>[\/et_pb_text][\/et_pb_column][\/et_pb_row][et_pb_row column_structure=\u00a0\u00bb1_2,1_2&Prime; _builder_version=\u00a0\u00bb4.5.0&Prime; _module_preset=\u00a0\u00bbdefault\u00a0\u00bb][et_pb_column type=\u00a0\u00bb1_2&Prime; _builder_version=\u00a0\u00bb4.5.0&Prime; _module_preset=\u00a0\u00bbdefault\u00a0\u00bb][et_pb_blurb_extended title=\u00a0\u00bbFaites votre r\u00e9servation Via Ferrata cala del Mol\u00ed \u00e0 partir de 30 \u20ac\u00a0\u00bb url=\u00a0\u00bbhttps:\/\/guiesviaferratacaladelmoli.com\/fr\/contact\/\u00a0\u00bb read_more_button=\u00a0\u00bbon\u00a0\u00bb read_more_text=\u00a0\u00bbR\u00e9servez maintenant\u00a0\u00bb read_more_hover_background_color=\u00a0\u00bb#f2f2f2&Prime; read_more_hover_text_color=\u00a0\u00bb#000000&Prime; use_icon=\u00a0\u00bbon\u00a0\u00bb font_icon=\u00a0\u00bb%%49%%\u00a0\u00bb icon_color=\u00a0\u00bb#f2f2f2&Prime; use_icon_font_size=\u00a0\u00bbon\u00a0\u00bb icon_font_size=\u00a0\u00bb30px\u00a0\u00bb icon_hover_color=\u00a0\u00bb#000000&Prime; style_icon=\u00a0\u00bbon\u00a0\u00bb shape_color=\u00a0\u00bb#0c71c3&Prime; shape_hover_color=\u00a0\u00bb#edf000&Prime; use_shape_border=\u00a0\u00bbon\u00a0\u00bb shape_border_color=\u00a0\u00bb#0c71c3&Prime; shape_border_hover_color=\u00a0\u00bb#000000&Prime; content_background_color=\u00a0\u00bb#e09900&Prime; text_hover_color=\u00a0\u00bb#e09900&Prime; blurb_layout=\u00a0\u00bbborderbox\u00a0\u00bb borderbox_border_color=\u00a0\u00bb#0c71c3&Prime; _builder_version=\u00a0\u00bb4.5.0&Prime; header_text_color=\u00a0\u00bb#efefef\u00a0\u00bb header_font_size=\u00a0\u00bb19px\u00a0\u00bb custom_read_more=\u00a0\u00bbon\u00a0\u00bb read_more_text_size=\u00a0\u00bb15px\u00a0\u00bb read_more_text_color=\u00a0\u00bb#000000&Prime; read_more_bg_color=\u00a0\u00bb#efefef\u00a0\u00bb hover_enabled=\u00a0\u00bb0&Prime;][\/et_pb_blurb_extended][\/et_pb_column][et_pb_column type=\u00a0\u00bb1_2&Prime; _builder_version=\u00a0\u00bb4.5.0&Prime; _module_preset=\u00a0\u00bbdefault\u00a0\u00bb][\/et_pb_column][\/et_pb_row][et_pb_row _builder_version=\u00a0\u00bb4.5.0&Prime; _module_preset=\u00a0\u00bbdefault\u00a0\u00bb][et_pb_column type=\u00a0\u00bb4_4&Prime; _builder_version=\u00a0\u00bb4.5.0&Prime; _module_preset=\u00a0\u00bbdefault\u00a0\u00bb][et_pb_text _builder_version=\u00a0\u00bb4.5.0&Prime; text_font=\u00a0\u00bb|600|||||||\u00a0\u00bb text_text_color=\u00a0\u00bb#0c71c3&Prime; text_font_size=\u00a0\u00bb22px\u00a0\u00bb text_font_size_tablet=\u00a0\u00bb\u00a0\u00bb text_font_size_phone=\u00a0\u00bb22px\u00a0\u00bb text_font_size_last_edited=\u00a0\u00bbon|phone\u00a0\u00bb]<\/p>\n<p><span style=\"vertical-align: inherit;\"><span style=\"vertical-align: inherit;\">COASTERING CALA DEL PEIX :<\/span><\/span><\/p>\n<p>[\/et_pb_text][\/et_pb_column][\/et_pb_row][et_pb_row _builder_version=\u00a0\u00bb4.5.0&Prime; _module_preset=\u00a0\u00bbdefault\u00a0\u00bb][et_pb_column type=\u00a0\u00bb4_4&Prime; _builder_version=\u00a0\u00bb4.5.0&Prime; _module_preset=\u00a0\u00bbdefault\u00a0\u00bb][et_pb_text _builder_version=\u00a0\u00bb4.5.0&Prime; _module_preset=\u00a0\u00bbdefault\u00a0\u00bb text_font=\u00a0\u00bb|600|||||||\u00a0\u00bb text_text_color=\u00a0\u00bb#000000&Prime; text_font_size=\u00a0\u00bb22px\u00a0\u00bb text_line_height=\u00a0\u00bb1.8em\u00a0\u00bb text_font_size_tablet=\u00a0\u00bb\u00a0\u00bb text_font_size_phone=\u00a0\u00bb\u00a0\u00bb text_font_size_last_edited=\u00a0\u00bbon|desktop\u00a0\u00bb]<\/p>\n<p>Vous allez adorer le coastering de la Cala del Pix situ\u00e9e \u00e0 Sant Feliu de Gu\u00edxols, au coeur de la Coata Brava, le seul coastering connu qui utilise les m\u00eames techniques que les canyoning.<\/p>\n<p>[\/et_pb_text][\/et_pb_column][\/et_pb_row][et_pb_row _builder_version=\u00a0\u00bb4.4.7&Prime;][et_pb_column type=\u00a0\u00bb4_4&Prime; _builder_version=\u00a0\u00bb4.4.7&Prime;][dnxt_next_multi_heading text_one=\u00a0\u00bbSaison : \u00a0\u00bb text_two=\u00a0\u00bbouvert de mars \u00e0 novembre\u00a0\u00bb _builder_version=\u00a0\u00bb4.5.0&Prime; text_one_font=\u00a0\u00bb|600|||||||\u00a0\u00bb text_one_text_color=\u00a0\u00bb#000000&Prime; text_one_font_size=\u00a0\u00bb23px\u00a0\u00bb text_two_font=\u00a0\u00bb|600|||||||\u00a0\u00bb text_two_font_size=\u00a0\u00bb23px\u00a0\u00bb][\/dnxt_next_multi_heading][dnxt_next_multi_heading text_one=\u00a0\u00bbTaille du groupe : \u00a0\u00bb text_two=\u00a0\u00bbmaximum 6 personnes \/ guide\u00a0\u00bb _builder_version=\u00a0\u00bb4.5.0&Prime; text_one_font=\u00a0\u00bb|600|||||||\u00a0\u00bb text_one_text_color=\u00a0\u00bb#000000&Prime; text_one_font_size=\u00a0\u00bb23px\u00a0\u00bb text_two_font=\u00a0\u00bb|600|||||||\u00a0\u00bb text_two_font_size=\u00a0\u00bb23px\u00a0\u00bb][\/dnxt_next_multi_heading][dnxt_next_multi_heading text_one=\u00a0\u00bbLieu :\u00a0\u00bb text_two=\u00a0\u00bb Sant Felui de Guixols\u00a0\u00bb _builder_version=\u00a0\u00bb4.5.0&Prime; text_one_font=\u00a0\u00bb|600|||||||\u00a0\u00bb text_one_text_color=\u00a0\u00bb#000000&Prime; text_one_font_size=\u00a0\u00bb23px\u00a0\u00bb text_two_font=\u00a0\u00bb|600|||||||\u00a0\u00bb text_two_font_size=\u00a0\u00bb23px\u00a0\u00bb][\/dnxt_next_multi_heading][dnxt_next_multi_heading text_one=\u00a0\u00bb\u00c2ge minimum : \u00a0\u00bb text_two=\u00a0\u00bb14 ans. Les mineurs doivent toujours \u00eatre  accompagn\u00e9s d&rsquo;un  adulte\u00a0\u00bb _builder_version=\u00a0\u00bb4.5.0&Prime; text_one_font=\u00a0\u00bb|600|||||||\u00a0\u00bb text_one_text_color=\u00a0\u00bb#000000&Prime; text_one_font_size=\u00a0\u00bb23px\u00a0\u00bb text_two_font=\u00a0\u00bb|600|||||||\u00a0\u00bb text_two_font_size=\u00a0\u00bb23px\u00a0\u00bb][\/dnxt_next_multi_heading][\/et_pb_column][\/et_pb_row][et_pb_row _builder_version=\u00a0\u00bb4.4.7&Prime;][et_pb_column type=\u00a0\u00bb4_4&Prime; _builder_version=\u00a0\u00bb4.4.7&Prime;][et_pb_text _builder_version=\u00a0\u00bb4.5.0&Prime; text_font=\u00a0\u00bb|600|||||||\u00a0\u00bb text_text_color=\u00a0\u00bb#000000&Prime; text_font_size=\u00a0\u00bb26px\u00a0\u00bb text_font_size_tablet=\u00a0\u00bb\u00a0\u00bb text_font_size_phone=\u00a0\u00bb22px\u00a0\u00bb text_font_size_last_edited=\u00a0\u00bbon|desktop\u00a0\u00bb]<\/p>\n<p>PRIX : 45 \u20ac \/ personne<\/p>\n<p>[\/et_pb_text][\/et_pb_column][\/et_pb_row][et_pb_row _builder_version=\u00a0\u00bb4.4.7&Prime;][et_pb_column type=\u00a0\u00bb4_4&Prime; _builder_version=\u00a0\u00bb4.4.7&Prime;][et_pb_text _builder_version=\u00a0\u00bb4.5.0&Prime; text_font=\u00a0\u00bb|600|||||||\u00a0\u00bb text_text_color=\u00a0\u00bb#000000&Prime; text_font_size=\u00a0\u00bb22px\u00a0\u00bb text_font_size_tablet=\u00a0\u00bb\u00a0\u00bb text_font_size_phone=\u00a0\u00bb22px\u00a0\u00bb text_font_size_last_edited=\u00a0\u00bbon|phone\u00a0\u00bb]<\/p>\n<p>Les prix comprennent\u00a0 :<\/p>\n<p>[\/et_pb_text][\/et_pb_column][\/et_pb_row][et_pb_row _builder_version=\u00a0\u00bb4.4.7&Prime; custom_margin=\u00a0\u00bb|100px|||false|false\u00a0\u00bb][et_pb_column type=\u00a0\u00bb4_4&Prime; _builder_version=\u00a0\u00bb4.4.7&Prime;][et_pb_text _builder_version=\u00a0\u00bb4.5.0&Prime; text_text_color=\u00a0\u00bb#000000&Prime; text_font_size=\u00a0\u00bb22px\u00a0\u00bb custom_margin=\u00a0\u00bb|||15px|false|false\u00a0\u00bb text_font_size_tablet=\u00a0\u00bb\u00a0\u00bb text_font_size_phone=\u00a0\u00bb19px\u00a0\u00bb text_font_size_last_edited=\u00a0\u00bbon|phone\u00a0\u00bb]<\/p>\n<p><span style=\"vertical-align: inherit;\"><span style=\"vertical-align: inherit;\">. T.V.A<\/span><\/span><\/p>\n<p><span style=\"vertical-align: inherit;\"><span style=\"vertical-align: inherit;\">. Guide qualifi\u00e9 exp\u00e9riment\u00e9<\/span><\/span><\/p>\n<p><span style=\"vertical-align: inherit;\"><span style=\"vertical-align: inherit;\">. Reportaje photo<\/span><\/span><\/p>\n<p><span style=\"vertical-align: inherit;\"><span style=\"vertical-align: inherit;\">. Assurance accident RC<\/span><\/span><\/p>\n<p><span style=\"vertical-align: inherit;\"><span style=\"vertical-align: inherit;\">. Mat\u00e9riel homologu\u00e9 :<\/span><\/span><\/p>\n<p>[\/et_pb_text][\/et_pb_column][\/et_pb_row][et_pb_row _builder_version=\u00a0\u00bb4.5.0&Prime; custom_margin=\u00a0\u00bb-22px|7px|||false|false\u00a0\u00bb custom_padding=\u00a0\u00bb|0px|||false|false\u00a0\u00bb][et_pb_column type=\u00a0\u00bb4_4&Prime; _builder_version=\u00a0\u00bb4.4.7&Prime;][et_pb_text _builder_version=\u00a0\u00bb4.5.0&Prime; text_text_color=\u00a0\u00bb#000000&Prime; text_font_size=\u00a0\u00bb22px\u00a0\u00bb custom_padding=\u00a0\u00bb|||12px|false|false\u00a0\u00bb text_font_size_tablet=\u00a0\u00bb\u00a0\u00bb text_font_size_phone=\u00a0\u00bb19px\u00a0\u00bb text_font_size_last_edited=\u00a0\u00bbon|phone\u00a0\u00bb]<\/p>\n<p><span style=\"vertical-align: inherit;\"><span style=\"vertical-align: inherit;\"><span style=\"vertical-align: inherit;\"><span style=\"vertical-align: inherit;\">. Combinaison n\u00e9opr\u00e8ne<\/span><\/span><\/span><\/span><\/p>\n<p><span style=\"vertical-align: inherit;\"><span style=\"vertical-align: inherit;\"><span style=\"vertical-align: inherit;\"><span style=\"vertical-align: inherit;\">. Harnais de canyoning avec protections<\/span><\/span><\/span><\/span><\/p>\n<p><span style=\"vertical-align: inherit;\"><span style=\"vertical-align: inherit;\"><span style=\"vertical-align: inherit;\"><span style=\"vertical-align: inherit;\">. Casque<\/span><\/span><\/span><\/span><\/p>\n<p><span style=\"vertical-align: inherit;\"><span style=\"vertical-align: inherit;\"><span style=\"vertical-align: inherit;\"><span style=\"vertical-align: inherit;\">. Huit pour la descente en rappel<\/span><\/span><\/span><\/span><\/p>\n<p><span style=\"vertical-align: inherit;\"><span style=\"vertical-align: inherit;\"><span style=\"vertical-align: inherit;\"><span style=\"vertical-align: inherit;\">. Double sangle avec mousquetons de type K<\/span><\/span><\/span><\/span><\/p>\n<p>[\/et_pb_text][\/et_pb_column][\/et_pb_row][et_pb_row _builder_version=\u00a0\u00bb4.5.0&Prime; _module_preset=\u00a0\u00bbdefault\u00a0\u00bb][et_pb_column type=\u00a0\u00bb4_4&Prime; _builder_version=\u00a0\u00bb4.5.0&Prime; _module_preset=\u00a0\u00bbdefault\u00a0\u00bb][et_pb_text _builder_version=\u00a0\u00bb4.5.0&Prime; text_font=\u00a0\u00bb|600|||||||\u00a0\u00bb text_text_color=\u00a0\u00bb#000000&Prime; text_font_size=\u00a0\u00bb22px\u00a0\u00bb text_font_size_tablet=\u00a0\u00bb\u00a0\u00bb text_font_size_phone=\u00a0\u00bb22px\u00a0\u00bb text_font_size_last_edited=\u00a0\u00bbon|phone\u00a0\u00bb]<\/p>\n<p><span style=\"vertical-align: inherit;\"><span style=\"vertical-align: inherit;\">Mat\u00e9riel n\u00e9cessaire :<\/span><\/span><\/p>\n<p>[\/et_pb_text][\/et_pb_column][\/et_pb_row][et_pb_row _builder_version=\u00a0\u00bb4.4.7&Prime; custom_margin=\u00a0\u00bb|100px|||false|false\u00a0\u00bb][et_pb_column type=\u00a0\u00bb4_4&Prime; _builder_version=\u00a0\u00bb4.4.7&Prime;][et_pb_text _builder_version=\u00a0\u00bb4.5.0&Prime; text_text_color=\u00a0\u00bb#000000&Prime; text_font_size=\u00a0\u00bb22px\u00a0\u00bb custom_padding=\u00a0\u00bb|||12px|false|false\u00a0\u00bb text_font_size_tablet=\u00a0\u00bb\u00a0\u00bb text_font_size_phone=\u00a0\u00bb19px\u00a0\u00bb text_font_size_last_edited=\u00a0\u00bbon|phone\u00a0\u00bb]<\/p>\n<p><span style=\"vertical-align: inherit;\"><span style=\"vertical-align: inherit;\"><span style=\"vertical-align: inherit;\"><span style=\"vertical-align: inherit;\">. Des chaussures qui peuvent \u00eatre mouill\u00e9es<\/span><\/span><\/span><\/span><\/p>\n<p><span style=\"vertical-align: inherit;\"><span style=\"vertical-align: inherit;\"><span style=\"vertical-align: inherit;\"><span style=\"vertical-align: inherit;\">. Chaussures et v\u00eatements de remplacement<\/span><\/span><\/span><\/span><\/p>\n<p><span style=\"vertical-align: inherit;\"><span style=\"vertical-align: inherit;\"><span style=\"vertical-align: inherit;\"><span style=\"vertical-align: inherit;\">. Serviette<\/span><\/span><\/span><\/span><\/p>\n<p>. Maillot de bain oulegging qui peut \u00eatre mouill\u00e9<\/p>\n<p>[\/et_pb_text][\/et_pb_column][\/et_pb_row][et_pb_row column_structure=\u00a0\u00bb1_2,1_2&Prime; _builder_version=\u00a0\u00bb4.5.0&Prime; _module_preset=\u00a0\u00bbdefault\u00a0\u00bb][et_pb_column type=\u00a0\u00bb1_2&Prime; _builder_version=\u00a0\u00bb4.5.0&Prime; _module_preset=\u00a0\u00bbdefault\u00a0\u00bb][et_pb_blurb_extended title=\u00a0\u00bbFaites votre r\u00e9servation Coastering Cala del Peix \u00e0 partir de 45 \u20ac\u00a0\u00bb url=\u00a0\u00bbhttps:\/\/guiesviaferratacaladelmoli.com\/fr\/contact\/\u00a0\u00bb read_more_button=\u00a0\u00bbon\u00a0\u00bb read_more_text=\u00a0\u00bbR\u00e9servez maintenant\u00a0\u00bb read_more_hover_background_color=\u00a0\u00bb#f2f2f2&Prime; read_more_hover_text_color=\u00a0\u00bb#000000&Prime; use_icon=\u00a0\u00bbon\u00a0\u00bb font_icon=\u00a0\u00bb%%49%%\u00a0\u00bb icon_color=\u00a0\u00bb#f2f2f2&Prime; use_icon_font_size=\u00a0\u00bbon\u00a0\u00bb icon_font_size=\u00a0\u00bb30px\u00a0\u00bb icon_hover_color=\u00a0\u00bb#000000&Prime; style_icon=\u00a0\u00bbon\u00a0\u00bb shape_color=\u00a0\u00bb#0c71c3&Prime; shape_hover_color=\u00a0\u00bb#edf000&Prime; use_shape_border=\u00a0\u00bbon\u00a0\u00bb shape_border_color=\u00a0\u00bb#0c71c3&Prime; shape_border_hover_color=\u00a0\u00bb#000000&Prime; content_background_color=\u00a0\u00bb#e09900&Prime; text_hover_color=\u00a0\u00bb#e09900&Prime; blurb_layout=\u00a0\u00bbborderbox\u00a0\u00bb borderbox_border_color=\u00a0\u00bb#0c71c3&Prime; _builder_version=\u00a0\u00bb4.5.0&Prime; header_text_color=\u00a0\u00bb#efefef\u00a0\u00bb header_font_size=\u00a0\u00bb19px\u00a0\u00bb custom_read_more=\u00a0\u00bbon\u00a0\u00bb read_more_text_size=\u00a0\u00bb15px\u00a0\u00bb read_more_text_color=\u00a0\u00bb#000000&Prime; read_more_bg_color=\u00a0\u00bb#efefef\u00a0\u00bb hover_enabled=\u00a0\u00bb0&Prime;][\/et_pb_blurb_extended][\/et_pb_column][et_pb_column type=\u00a0\u00bb1_2&Prime; _builder_version=\u00a0\u00bb4.5.0&Prime; _module_preset=\u00a0\u00bbdefault\u00a0\u00bb][\/et_pb_column][\/et_pb_row][et_pb_row _builder_version=\u00a0\u00bb4.4.7&Prime;][et_pb_column type=\u00a0\u00bb4_4&Prime; _builder_version=\u00a0\u00bb4.4.7&Prime;][et_pb_text _builder_version=\u00a0\u00bb4.5.0&Prime; text_font=\u00a0\u00bb|600|||||||\u00a0\u00bb text_text_color=\u00a0\u00bb#000000&Prime; text_font_size=\u00a0\u00bb26px\u00a0\u00bb text_font_size_tablet=\u00a0\u00bb\u00a0\u00bb text_font_size_phone=\u00a0\u00bb22px\u00a0\u00bb text_font_size_last_edited=\u00a0\u00bbon|desktop\u00a0\u00bb]<\/p>\n<p>PACK VIA FERRATA CALA DEL MOLI + COASTERING\u00a0 CALA DEL PEIX : 65 \u20ac \/ personne<\/p>\n<p>[\/et_pb_text][\/et_pb_column][\/et_pb_row][et_pb_row column_structure=\u00a0\u00bb1_2,1_2&Prime; _builder_version=\u00a0\u00bb4.5.0&Prime; _module_preset=\u00a0\u00bbdefault\u00a0\u00bb][et_pb_column type=\u00a0\u00bb1_2&Prime; _builder_version=\u00a0\u00bb4.5.0&Prime; _module_preset=\u00a0\u00bbdefault\u00a0\u00bb][et_pb_blurb_extended title=\u00a0\u00bbFaites votre r\u00e9servation pack via Ferrata Cala del Moli + Coastering Cala del Peix \u00e0 partir de 65 \u20ac\u00a0\u00bb url=\u00a0\u00bbhttps:\/\/guiesviaferratacaladelmoli.com\/fr\/contact\/\u00a0\u00bb read_more_button=\u00a0\u00bbon\u00a0\u00bb read_more_text=\u00a0\u00bbR\u00e9servez maintenant\u00a0\u00bb read_more_hover_background_color=\u00a0\u00bb#f2f2f2&Prime; read_more_hover_text_color=\u00a0\u00bb#000000&Prime; use_icon=\u00a0\u00bbon\u00a0\u00bb font_icon=\u00a0\u00bb%%49%%\u00a0\u00bb icon_color=\u00a0\u00bb#f2f2f2&Prime; use_icon_font_size=\u00a0\u00bbon\u00a0\u00bb icon_font_size=\u00a0\u00bb30px\u00a0\u00bb icon_hover_color=\u00a0\u00bb#000000&Prime; style_icon=\u00a0\u00bbon\u00a0\u00bb shape_color=\u00a0\u00bb#0c71c3&Prime; shape_hover_color=\u00a0\u00bb#edf000&Prime; use_shape_border=\u00a0\u00bbon\u00a0\u00bb shape_border_color=\u00a0\u00bb#0c71c3&Prime; shape_border_hover_color=\u00a0\u00bb#000000&Prime; content_background_color=\u00a0\u00bb#e09900&Prime; text_hover_color=\u00a0\u00bb#e09900&Prime; blurb_layout=\u00a0\u00bbborderbox\u00a0\u00bb borderbox_border_color=\u00a0\u00bb#0c71c3&Prime; _builder_version=\u00a0\u00bb4.5.0&Prime; header_text_color=\u00a0\u00bb#efefef\u00a0\u00bb header_font_size=\u00a0\u00bb19px\u00a0\u00bb custom_read_more=\u00a0\u00bbon\u00a0\u00bb read_more_text_size=\u00a0\u00bb15px\u00a0\u00bb read_more_text_color=\u00a0\u00bb#000000&Prime; read_more_bg_color=\u00a0\u00bb#efefef\u00a0\u00bb hover_enabled=\u00a0\u00bb0&Prime;][\/et_pb_blurb_extended][\/et_pb_column][et_pb_column type=\u00a0\u00bb1_2&Prime; _builder_version=\u00a0\u00bb4.5.0&Prime; _module_preset=\u00a0\u00bbdefault\u00a0\u00bb][\/et_pb_column][\/et_pb_row][\/et_pb_section]<\/p>\n","protected":false},"excerpt":{"rendered":"<p>ACTIVIT\u00c9SNotre activit\u00e9 principale est de proposer des itin\u00e9raires sur la Via Ferrata cala del moli. Cependant depuis 2020, nous proposons une nouvelle activit\u00e9 de Coastering \u00e1 la Cala del Peix \u00e0\u00a0 Sant Feliu de Gu\u00edxolsVIA FERRATA CALA DEL MOLI:La via Ferrata Cala del Moli, situ\u00e9e \u00e0 Sant\u00a0 Feliu de Gu\u00edxols sur la Costa Brava, est [&hellip;]<\/p>\n","protected":false},"author":1,"featured_media":0,"parent":0,"menu_order":0,"comment_status":"closed","ping_status":"closed","template":"","meta":{"_et_pb_use_builder":"on","_et_pb_old_content":"","_et_gb_content_width":"","footnotes":""},"class_list":["post-339","page","type-page","status-publish","hentry"],"_links":{"self":[{"href":"https:\/\/guiesviaferratacaladelmoli.com\/fr\/wp-json\/wp\/v2\/pages\/339","targetHints":{"allow":["GET"]}}],"collection":[{"href":"https:\/\/guiesviaferratacaladelmoli.com\/fr\/wp-json\/wp\/v2\/pages"}],"about":[{"href":"https:\/\/guiesviaferratacaladelmoli.com\/fr\/wp-json\/wp\/v2\/types\/page"}],"author":[{"embeddable":true,"href":"https:\/\/guiesviaferratacaladelmoli.com\/fr\/wp-json\/wp\/v2\/users\/1"}],"replies":[{"embeddable":true,"href":"https:\/\/guiesviaferratacaladelmoli.com\/fr\/wp-json\/wp\/v2\/comments?post=339"}],"version-history":[{"count":15,"href":"https:\/\/guiesviaferratacaladelmoli.com\/fr\/wp-json\/wp\/v2\/pages\/339\/revisions"}],"predecessor-version":[{"id":413,"href":"https:\/\/guiesviaferratacaladelmoli.com\/fr\/wp-json\/wp\/v2\/pages\/339\/revisions\/413"}],"wp:attachment":[{"href":"https:\/\/guiesviaferratacaladelmoli.com\/fr\/wp-json\/wp\/v2\/media?parent=339"}],"curies":[{"name":"wp","href":"https:\/\/api.w.org\/{rel}","templated":true}]}}