{"id":215,"date":"2021-02-10T07:53:38","date_gmt":"2021-02-10T07:53:38","guid":{"rendered":"https:\/\/guiesviaferratacaladelmoli.com\/actividades\/"},"modified":"2021-03-06T15:34:31","modified_gmt":"2021-03-06T15:34:31","slug":"actividades","status":"publish","type":"page","link":"https:\/\/guiesviaferratacaladelmoli.com\/ca\/actividades\/","title":{"rendered":"Activitats"},"content":{"rendered":"<p>[et_pb_section fb_built=&#8221;1&#8243; _builder_version=&#8221;4.4.7&#8243;][et_pb_row _builder_version=&#8221;4.5.0&#8243; custom_margin=&#8221;0px||||false|false&#8221; custom_margin_tablet=&#8221;&#8221; custom_margin_phone=&#8221;&#8221; custom_margin_last_edited=&#8221;on|phone&#8221;][et_pb_column type=&#8221;4_4&#8243; _builder_version=&#8221;4.4.7&#8243;][et_pb_text _builder_version=&#8221;4.5.0&#8243; text_font=&#8221;|600|||||||&#8221; text_text_color=&#8221;#0c71c3&#8243; text_font_size=&#8221;23px&#8221; text_orientation=&#8221;center&#8221;]<\/p>\n<p>ACTIVITATS<\/p>\n<p>[\/et_pb_text][et_pb_text _builder_version=&#8221;4.5.0&#8243; _module_preset=&#8221;default&#8221; text_font=&#8221;|600|||||||&#8221; text_text_color=&#8221;#000000&#8243; text_font_size=&#8221;22px&#8221; text_font_size_tablet=&#8221;&#8221; text_font_size_phone=&#8221;&#8221; text_font_size_last_edited=&#8221;on|desktop&#8221;]<\/p>\n<p>La nostra actividat principal es oferir rutes a la Via Ferrata cala del moli.<\/p>\n<p>Tamb\u00e9 des de 2020 oferim una nova actividat de coastering a la cala\u00a0 del peix a Sant Feliu de Gu\u00edxols.<\/p>\n<p>[\/et_pb_text][et_pb_text _builder_version=&#8221;4.5.0&#8243; _module_preset=&#8221;default&#8221; text_font=&#8221;|600|||||||&#8221; text_text_color=&#8221;#0c71c3&#8243; text_font_size=&#8221;23px&#8221;]<\/p>\n<p>VIA FERRATA CALA DEL MOLI:<\/p>\n<p>[\/et_pb_text][et_pb_text _builder_version=&#8221;4.5.0&#8243; _module_preset=&#8221;default&#8221; text_font=&#8221;|600|||||||&#8221; text_text_color=&#8221;#000000&#8243; text_font_size=&#8221;22px&#8221;]<\/p>\n<p>La via Ferrata Cala del Moli, situada a Sant Feliu de Gu\u00edxols en plena\u00a0 Costa Brava, es la \u00fanica via Ferrata del m\u00f3n sobre el mar.<\/p>\n<p>[\/et_pb_text][\/et_pb_column][\/et_pb_row][et_pb_row _builder_version=&#8221;4.4.7&#8243;][et_pb_column type=&#8221;4_4&#8243; _builder_version=&#8221;4.4.7&#8243;][dnxt_next_multi_heading text_one=&#8221;Temporada :&#8221; text_two=&#8221;obert tot l&#8217;any&#8221; _builder_version=&#8221;4.5.0&#8243; text_one_font=&#8221;|600|||||||&#8221; text_one_text_color=&#8221;#000000&#8243; text_one_font_size=&#8221;23px&#8221; text_two_font=&#8221;|600|||||||&#8221; text_two_font_size=&#8221;23px&#8221;][\/dnxt_next_multi_heading][dnxt_next_multi_heading text_one=&#8221;Grandaria del grupo : &#8221; text_two=&#8221;m\u00e0xim  8 persones \/ gu\u00eda &#8221; _builder_version=&#8221;4.5.0&#8243; text_one_font=&#8221;|600|||||||&#8221; text_one_text_color=&#8221;#000000&#8243; text_one_font_size=&#8221;23px&#8221; text_two_font=&#8221;|600|||||||&#8221; text_two_font_size=&#8221;23px&#8221;][\/dnxt_next_multi_heading][dnxt_next_multi_heading text_one=&#8221;Ubicaci\u00f3 :&#8221; text_two=&#8221; Sant Feliu de Gu\u00edxols&#8221; _builder_version=&#8221;4.5.0&#8243; text_one_font=&#8221;|600|||||||&#8221; text_one_text_color=&#8221;#000000&#8243; text_one_font_size=&#8221;23px&#8221; text_two_font=&#8221;|600|||||||&#8221; text_two_font_size=&#8221;23px&#8221;][\/dnxt_next_multi_heading][dnxt_next_multi_heading text_one=&#8221;Edat m\u00ednima : &#8221; text_two=&#8221;13 anys.  Els  menors sempre han d&#8217;anar acompanyats d&#8217;un adult&#8221; _builder_version=&#8221;4.5.0&#8243; text_one_font=&#8221;|600|||||||&#8221; text_one_text_color=&#8221;#000000&#8243; text_one_font_size=&#8221;23px&#8221; text_two_font=&#8221;|600|||||||&#8221; text_two_font_size=&#8221;23px&#8221;][\/dnxt_next_multi_heading][\/et_pb_column][\/et_pb_row][et_pb_row _builder_version=&#8221;4.4.7&#8243;][et_pb_column type=&#8221;4_4&#8243; _builder_version=&#8221;4.4.7&#8243;][et_pb_text _builder_version=&#8221;4.5.0&#8243; text_font=&#8221;|600|||||||&#8221; text_text_color=&#8221;#000000&#8243; text_font_size=&#8221;26px&#8221; text_font_size_tablet=&#8221;&#8221; text_font_size_phone=&#8221;22px&#8221; text_font_size_last_edited=&#8221;on|desktop&#8221;]<\/p>\n<p>PREUS VIA GUIADA : 30 \u20ac \/ persona<\/p>\n<p>[\/et_pb_text][\/et_pb_column][\/et_pb_row][et_pb_row _builder_version=&#8221;4.4.7&#8243;][et_pb_column type=&#8221;4_4&#8243; _builder_version=&#8221;4.4.7&#8243;][et_pb_text _builder_version=&#8221;4.5.0&#8243; text_font=&#8221;|600|||||||&#8221; text_text_color=&#8221;#000000&#8243; text_font_size=&#8221;22px&#8221; text_font_size_tablet=&#8221;&#8221; text_font_size_phone=&#8221;22px&#8221; text_font_size_last_edited=&#8221;on|phone&#8221;]<\/p>\n<p>Els preus inclouen :<\/p>\n<p>[\/et_pb_text][\/et_pb_column][\/et_pb_row][et_pb_row _builder_version=&#8221;4.4.7&#8243; custom_margin=&#8221;|100px|||false|false&#8221;][et_pb_column type=&#8221;4_4&#8243; _builder_version=&#8221;4.4.7&#8243;][et_pb_text _builder_version=&#8221;4.5.0&#8243; text_text_color=&#8221;#000000&#8243; text_font_size=&#8221;22px&#8221; custom_margin=&#8221;|||15px|false|false&#8221; text_font_size_tablet=&#8221;&#8221; text_font_size_phone=&#8221;19px&#8221; text_font_size_last_edited=&#8221;on|phone&#8221;]<\/p>\n<p><span style=\"vertical-align: inherit;\"><span style=\"vertical-align: inherit;\">. IVA<\/span><\/span><\/p>\n<p><span style=\"vertical-align: inherit;\"><span style=\"vertical-align: inherit;\">. Guia titulat i experimentat en la via<\/span><\/span><\/p>\n<p><span style=\"vertical-align: inherit;\"><span style=\"vertical-align: inherit;\">. Reportatge fotos (m\u00ednim fotos\/sortida)<\/span><\/span><\/p>\n<p><span style=\"vertical-align: inherit;\"><span style=\"vertical-align: inherit;\">. Asseguranssa Rc y accident<\/span><\/span><\/p>\n<p><span style=\"vertical-align: inherit;\"><span style=\"vertical-align: inherit;\">. Beguda durant la via<\/span><\/span><\/p>\n<p>[\/et_pb_text][\/et_pb_column][\/et_pb_row][et_pb_row _builder_version=&#8221;4.4.7&#8243;][et_pb_column type=&#8221;4_4&#8243; _builder_version=&#8221;4.4.7&#8243;][et_pb_text _builder_version=&#8221;4.5.0&#8243; text_font=&#8221;|600|||||||&#8221; text_text_color=&#8221;#000000&#8243; text_font_size=&#8221;22px&#8221; text_font_size_tablet=&#8221;&#8221; text_font_size_phone=&#8221;22px&#8221; text_font_size_last_edited=&#8221;on|phone&#8221;]<\/p>\n<p><span style=\"vertical-align: inherit;\"><span style=\"vertical-align: inherit;\">Material homologat :<\/span><\/span><\/p>\n<p>[\/et_pb_text][\/et_pb_column][\/et_pb_row][et_pb_row _builder_version=&#8221;4.4.7&#8243; custom_margin=&#8221;|100px|||false|false&#8221;][et_pb_column type=&#8221;4_4&#8243; _builder_version=&#8221;4.4.7&#8243;][et_pb_text _builder_version=&#8221;4.5.0&#8243; text_text_color=&#8221;#000000&#8243; text_font_size=&#8221;22px&#8221; custom_padding=&#8221;|||12px|false|false&#8221; text_font_size_tablet=&#8221;&#8221; text_font_size_phone=&#8221;19px&#8221; text_font_size_last_edited=&#8221;on|phone&#8221;]<\/p>\n<p><span style=\"vertical-align: inherit;\"><span style=\"vertical-align: inherit;\"><span style=\"vertical-align: inherit;\"><span style=\"vertical-align: inherit;\">. Arn\u00e9s <strong>model confort<\/strong><\/span><\/span><\/span><\/span><\/p>\n<p><span style=\"vertical-align: inherit;\"><span style=\"vertical-align: inherit;\"><span style=\"vertical-align: inherit;\"><span style=\"vertical-align: inherit;\">. Disipador amb mosquetons tipo k<\/span><\/span><\/span><\/span><\/p>\n<p><span style=\"vertical-align: inherit;\"><span style=\"vertical-align: inherit;\"><span style=\"vertical-align: inherit;\"><span style=\"vertical-align: inherit;\">. Cinta <strong>per descansar<\/strong><\/span><\/span><\/span><\/span><\/p>\n<p><span style=\"vertical-align: inherit;\"><span style=\"vertical-align: inherit;\"><span style=\"vertical-align: inherit;\"><span style=\"vertical-align: inherit;\">. <strong>Guants<\/strong><\/span><\/span><\/span><\/span><\/p>\n<p><span style=\"vertical-align: inherit;\"><span style=\"vertical-align: inherit;\"><span style=\"vertical-align: inherit;\"><span style=\"vertical-align: inherit;\">. Casc<\/span><\/span><\/span><\/span><\/p>\n<p>[\/et_pb_text][\/et_pb_column][\/et_pb_row][et_pb_row _builder_version=&#8221;4.5.0&#8243; _module_preset=&#8221;default&#8221;][et_pb_column type=&#8221;4_4&#8243; _builder_version=&#8221;4.5.0&#8243; _module_preset=&#8221;default&#8221;][et_pb_text _builder_version=&#8221;4.5.0&#8243; text_font=&#8221;|600|||||||&#8221; text_text_color=&#8221;#000000&#8243; text_font_size=&#8221;22px&#8221; text_font_size_tablet=&#8221;&#8221; text_font_size_phone=&#8221;22px&#8221; text_font_size_last_edited=&#8221;on|phone&#8221;]<\/p>\n<p><span style=\"vertical-align: inherit;\"><span style=\"vertical-align: inherit;\">LLOGUER DE MATERIAL :<\/span><\/span><\/p>\n<p>[\/et_pb_text][\/et_pb_column][\/et_pb_row][et_pb_row _builder_version=&#8221;4.4.7&#8243; custom_margin=&#8221;|100px|||false|false&#8221;][et_pb_column type=&#8221;4_4&#8243; _builder_version=&#8221;4.4.7&#8243;][et_pb_text _builder_version=&#8221;4.5.0&#8243; text_text_color=&#8221;#000000&#8243; text_font_size=&#8221;22px&#8221; custom_margin=&#8221;|||-60px|false|false&#8221; custom_padding=&#8221;|||71px|false|false&#8221; text_font_size_tablet=&#8221;&#8221; text_font_size_phone=&#8221;19px&#8221; text_font_size_last_edited=&#8221;on|phone&#8221;]<\/p>\n<p><span style=\"vertical-align: inherit;\"><span style=\"vertical-align: inherit;\"><span style=\"vertical-align: inherit;\"><span style=\"vertical-align: inherit;\">. Preu: 17\u20ac\/persona<\/span><\/span><\/span><\/span><\/p>\n<p><span style=\"vertical-align: inherit;\"><span style=\"vertical-align: inherit;\"><span style=\"vertical-align: inherit;\"><span style=\"vertical-align: inherit;\">. Portem i recollim el material al costat de la via<\/span><\/span><\/span><\/span><\/p>\n<p><span style=\"vertical-align: inherit;\"><span style=\"vertical-align: inherit;\"><span style=\"vertical-align: inherit;\"><span style=\"vertical-align: inherit;\">. Per la vostra seguritat nom\u00e9s lloguem material a persona que tingui exp\u00e8riencia<\/span><\/span><\/span><\/span><\/p>\n<p>[\/et_pb_text][\/et_pb_column][\/et_pb_row][et_pb_row _builder_version=&#8221;4.5.0&#8243; _module_preset=&#8221;default&#8221;][et_pb_column type=&#8221;4_4&#8243; _builder_version=&#8221;4.5.0&#8243; _module_preset=&#8221;default&#8221;][et_pb_text _builder_version=&#8221;4.5.0&#8243; text_font=&#8221;|600|||||||&#8221; text_text_color=&#8221;#000000&#8243; text_font_size=&#8221;22px&#8221; text_font_size_tablet=&#8221;&#8221; text_font_size_phone=&#8221;22px&#8221; text_font_size_last_edited=&#8221;on|phone&#8221;]<\/p>\n<p><span style=\"vertical-align: inherit;\"><span style=\"vertical-align: inherit;\">Material necessari :<\/span><\/span><\/p>\n<p>[\/et_pb_text][\/et_pb_column][\/et_pb_row][et_pb_row _builder_version=&#8221;4.4.7&#8243; custom_margin=&#8221;|100px|||false|false&#8221;][et_pb_column type=&#8221;4_4&#8243; _builder_version=&#8221;4.4.7&#8243;][et_pb_text _builder_version=&#8221;4.5.0&#8243; text_text_color=&#8221;#000000&#8243; text_font_size=&#8221;22px&#8221; custom_padding=&#8221;|||12px|false|false&#8221; text_font_size_tablet=&#8221;&#8221; text_font_size_phone=&#8221;19px&#8221; text_font_size_last_edited=&#8221;on|phone&#8221;]<\/p>\n<p><span style=\"vertical-align: inherit;\"><span style=\"vertical-align: inherit;\"><span style=\"vertical-align: inherit;\"><span style=\"vertical-align: inherit;\">. Ca\u00e7at esportiu i ropa d&#8217;esport<\/span><\/span><\/span><\/span><\/p>\n<p><span style=\"vertical-align: inherit;\"><span style=\"vertical-align: inherit;\"><span style=\"vertical-align: inherit;\"><span style=\"vertical-align: inherit;\">. Crema solar<\/span><\/span><\/span><\/span><\/p>\n<p><span style=\"vertical-align: inherit;\"><span style=\"vertical-align: inherit;\"><span style=\"vertical-align: inherit;\"><span style=\"vertical-align: inherit;\">. Ulleres de sol<\/span><\/span><\/span><\/span><\/p>\n<p>. DNI<\/p>\n<p>[\/et_pb_text][\/et_pb_column][\/et_pb_row][et_pb_row _builder_version=&#8221;4.5.0&#8243; _module_preset=&#8221;default&#8221; column_structure=&#8221;1_2,1_2&#8243;][et_pb_column _builder_version=&#8221;4.5.0&#8243; _module_preset=&#8221;default&#8221; type=&#8221;1_2&#8243;][et_pb_blurb_extended title=&#8221;Fes la teva reserva a la via Ferrata Cala del Moli des de 30 \u20ac&#8221; url=&#8221;https:\/\/guiesviaferratacaladelmoli.com\/ca\/contacte\/&#8221; read_more_button=&#8221;on&#8221; read_more_text=&#8221;Reserva ara&#8221; read_more_hover_background_color=&#8221;#f2f2f2&#8243; read_more_hover_text_color=&#8221;#000000&#8243; use_icon=&#8221;on&#8221; font_icon=&#8221;%%49%%&#8221; icon_color=&#8221;#f2f2f2&#8243; use_icon_font_size=&#8221;on&#8221; icon_font_size=&#8221;30px&#8221; icon_hover_color=&#8221;#000000&#8243; style_icon=&#8221;on&#8221; shape_color=&#8221;#0c71c3&#8243; shape_hover_color=&#8221;#edf000&#8243; use_shape_border=&#8221;on&#8221; shape_border_color=&#8221;#0c71c3&#8243; shape_border_hover_color=&#8221;#000000&#8243; content_background_color=&#8221;#e09900&#8243; text_hover_color=&#8221;#e09900&#8243; blurb_layout=&#8221;borderbox&#8221; borderbox_border_color=&#8221;#0c71c3&#8243; _builder_version=&#8221;4.5.0&#8243; header_text_color=&#8221;#efefef&#8221; header_font_size=&#8221;19px&#8221; custom_read_more=&#8221;on&#8221; read_more_text_size=&#8221;15px&#8221; read_more_text_color=&#8221;#000000&#8243; read_more_bg_color=&#8221;#efefef&#8221; hover_enabled=&#8221;0&#8243;][\/et_pb_blurb_extended][\/et_pb_column][et_pb_column _builder_version=&#8221;4.5.0&#8243; _module_preset=&#8221;default&#8221; type=&#8221;1_2&#8243;][\/et_pb_column][\/et_pb_row][et_pb_row _builder_version=&#8221;4.5.0&#8243; _module_preset=&#8221;default&#8221;][et_pb_column type=&#8221;4_4&#8243; _builder_version=&#8221;4.5.0&#8243; _module_preset=&#8221;default&#8221;][et_pb_text _builder_version=&#8221;4.5.0&#8243; text_font=&#8221;|600|||||||&#8221; text_text_color=&#8221;#0c71c3&#8243; text_font_size=&#8221;22px&#8221; hover_enabled=&#8221;0&#8243; text_font_size_tablet=&#8221;&#8221; text_font_size_phone=&#8221;22px&#8221; text_font_size_last_edited=&#8221;on|phone&#8221;]<\/p>\n<p><span style=\"vertical-align: inherit;\"><span style=\"vertical-align: inherit;\">COASTERING CALA DEL PEIX :<\/span><\/span><\/p>\n<p>[\/et_pb_text][\/et_pb_column][\/et_pb_row][et_pb_row _builder_version=&#8221;4.5.0&#8243; _module_preset=&#8221;default&#8221;][et_pb_column type=&#8221;4_4&#8243; _builder_version=&#8221;4.5.0&#8243; _module_preset=&#8221;default&#8221;][et_pb_text _builder_version=&#8221;4.5.0&#8243; _module_preset=&#8221;default&#8221; text_font=&#8221;|600|||||||&#8221; text_text_color=&#8221;#000000&#8243; text_font_size=&#8221;22px&#8221; text_line_height=&#8221;1.8em&#8221; text_font_size_tablet=&#8221;&#8221; text_font_size_phone=&#8221;&#8221; text_font_size_last_edited=&#8221;on|desktop&#8221;]<\/p>\n<p>T&#8217;encantar\u00e0 el coastering de la cala del Peix ubicat a Sant Feliu de Gu\u00edxols, en el cor de la Costa Brava, el \u00fanic coastering conegut que utiliza les mateixes t\u00e9cnicas que els barrancs<\/p>\n<p>[\/et_pb_text][\/et_pb_column][\/et_pb_row][et_pb_row _builder_version=&#8221;4.4.7&#8243;][et_pb_column type=&#8221;4_4&#8243; _builder_version=&#8221;4.4.7&#8243;][dnxt_next_multi_heading text_one=&#8221;Temporada :&#8221; text_two=&#8221;Obert de Mar\u00e7 a Novembre &#8221; _builder_version=&#8221;4.5.0&#8243; text_one_font=&#8221;|600|||||||&#8221; text_one_text_color=&#8221;#000000&#8243; text_one_font_size=&#8221;23px&#8221; text_two_font=&#8221;|600|||||||&#8221; text_two_font_size=&#8221;23px&#8221;][\/dnxt_next_multi_heading][dnxt_next_multi_heading text_one=&#8221;Grandaria del grup : &#8221; text_two=&#8221;m\u00e0xim  6 persones \/ gu\u00eda &#8221; _builder_version=&#8221;4.5.0&#8243; text_one_font=&#8221;|600|||||||&#8221; text_one_text_color=&#8221;#000000&#8243; text_one_font_size=&#8221;23px&#8221; text_two_font=&#8221;|600|||||||&#8221; text_two_font_size=&#8221;23px&#8221;][\/dnxt_next_multi_heading][dnxt_next_multi_heading text_one=&#8221;Ubicaci\u00f3 :&#8221; text_two=&#8221; Sant Felui de Guixols&#8221; _builder_version=&#8221;4.5.0&#8243; text_one_font=&#8221;|600|||||||&#8221; text_one_text_color=&#8221;#000000&#8243; text_one_font_size=&#8221;23px&#8221; text_two_font=&#8221;|600|||||||&#8221; text_two_font_size=&#8221;23px&#8221;][\/dnxt_next_multi_heading][dnxt_next_multi_heading text_one=&#8221;Edat m\u00ednima : &#8221; text_two=&#8221;14 anys. Els menors sempre han d&#8217;anar acompanyats d&#8217;un adult&#8221; _builder_version=&#8221;4.5.0&#8243; text_one_font=&#8221;|600|||||||&#8221; text_one_text_color=&#8221;#000000&#8243; text_one_font_size=&#8221;23px&#8221; text_two_font=&#8221;|600|||||||&#8221; text_two_font_size=&#8221;23px&#8221;][\/dnxt_next_multi_heading][\/et_pb_column][\/et_pb_row][et_pb_row _builder_version=&#8221;4.4.7&#8243;][et_pb_column type=&#8221;4_4&#8243; _builder_version=&#8221;4.4.7&#8243;][et_pb_text _builder_version=&#8221;4.5.0&#8243; text_font=&#8221;|600|||||||&#8221; text_text_color=&#8221;#000000&#8243; text_font_size=&#8221;26px&#8221; text_font_size_tablet=&#8221;&#8221; text_font_size_phone=&#8221;22px&#8221; text_font_size_last_edited=&#8221;on|desktop&#8221;]<\/p>\n<p>PREU : 45 \u20ac \/ persona<\/p>\n<p>[\/et_pb_text][\/et_pb_column][\/et_pb_row][et_pb_row _builder_version=&#8221;4.4.7&#8243;][et_pb_column type=&#8221;4_4&#8243; _builder_version=&#8221;4.4.7&#8243;][et_pb_text _builder_version=&#8221;4.5.0&#8243; text_font=&#8221;|600|||||||&#8221; text_text_color=&#8221;#000000&#8243; text_font_size=&#8221;22px&#8221; text_font_size_tablet=&#8221;&#8221; text_font_size_phone=&#8221;22px&#8221; text_font_size_last_edited=&#8221;on|phone&#8221;]<\/p>\n<p>Els preus incluen :<\/p>\n<p>[\/et_pb_text][\/et_pb_column][\/et_pb_row][et_pb_row _builder_version=&#8221;4.4.7&#8243; custom_margin=&#8221;|100px|||false|false&#8221;][et_pb_column type=&#8221;4_4&#8243; _builder_version=&#8221;4.4.7&#8243;][et_pb_text _builder_version=&#8221;4.5.0&#8243; text_text_color=&#8221;#000000&#8243; text_font_size=&#8221;22px&#8221; custom_margin=&#8221;|||15px|false|false&#8221; text_font_size_tablet=&#8221;&#8221; text_font_size_phone=&#8221;19px&#8221; text_font_size_last_edited=&#8221;on|phone&#8221;]<\/p>\n<p><span style=\"vertical-align: inherit;\"><span style=\"vertical-align: inherit;\">. IVA<\/span><\/span><\/p>\n<p><span style=\"vertical-align: inherit;\"><span style=\"vertical-align: inherit;\">. Gu\u00eda titulat i experimentat\u00a0<\/span><\/span><\/p>\n<p><span style=\"vertical-align: inherit;\"><span style=\"vertical-align: inherit;\">. Reportatge fotos\u00a0<\/span><\/span><\/p>\n<p><span style=\"vertical-align: inherit;\"><span style=\"vertical-align: inherit;\">. Asseguran\u00e7a Rc i accident<\/span><\/span><\/p>\n<p><span style=\"vertical-align: inherit;\"><span style=\"vertical-align: inherit;\">. Material homolat :<\/span><\/span><\/p>\n<p>[\/et_pb_text][\/et_pb_column][\/et_pb_row][et_pb_row _builder_version=&#8221;4.5.0&#8243; custom_margin=&#8221;-22px|7px|||false|false&#8221; custom_padding=&#8221;|0px|||false|false&#8221;][et_pb_column type=&#8221;4_4&#8243; _builder_version=&#8221;4.4.7&#8243;][et_pb_text _builder_version=&#8221;4.5.0&#8243; text_text_color=&#8221;#000000&#8243; text_font_size=&#8221;22px&#8221; custom_padding=&#8221;|||12px|false|false&#8221; text_font_size_tablet=&#8221;&#8221; text_font_size_phone=&#8221;19px&#8221; text_font_size_last_edited=&#8221;on|phone&#8221;]<\/p>\n<p><span style=\"vertical-align: inherit;\"><span style=\"vertical-align: inherit;\"><span style=\"vertical-align: inherit;\"><span style=\"vertical-align: inherit;\">. vestit neopr\u00e8<\/span><\/span><\/span><\/span><\/p>\n<p><span style=\"vertical-align: inherit;\"><span style=\"vertical-align: inherit;\"><span style=\"vertical-align: inherit;\"><span style=\"vertical-align: inherit;\">. Arn\u00e9s de barranc amb proteccions<\/span><\/span><\/span><\/span><\/p>\n<p><span style=\"vertical-align: inherit;\"><span style=\"vertical-align: inherit;\"><span style=\"vertical-align: inherit;\"><span style=\"vertical-align: inherit;\">. Casc<\/span><\/span><\/span><\/span><\/p>\n<p><span style=\"vertical-align: inherit;\"><span style=\"vertical-align: inherit;\"><span style=\"vertical-align: inherit;\"><span style=\"vertical-align: inherit;\">. Vuit per rappel<\/span><\/span><\/span><\/span><\/p>\n<p><span style=\"vertical-align: inherit;\"><span style=\"vertical-align: inherit;\"><span style=\"vertical-align: inherit;\"><span style=\"vertical-align: inherit;\">. Cinta doble amb mosquetons tipo K<\/span><\/span><\/span><\/span><\/p>\n<p>[\/et_pb_text][\/et_pb_column][\/et_pb_row][et_pb_row _builder_version=&#8221;4.5.0&#8243; _module_preset=&#8221;default&#8221;][et_pb_column type=&#8221;4_4&#8243; _builder_version=&#8221;4.5.0&#8243; _module_preset=&#8221;default&#8221;][et_pb_text _builder_version=&#8221;4.5.0&#8243; text_font=&#8221;|600|||||||&#8221; text_text_color=&#8221;#000000&#8243; text_font_size=&#8221;22px&#8221; text_font_size_tablet=&#8221;&#8221; text_font_size_phone=&#8221;22px&#8221; text_font_size_last_edited=&#8221;on|phone&#8221;]<\/p>\n<p><span style=\"vertical-align: inherit;\"><span style=\"vertical-align: inherit;\">Material necessari :<\/span><\/span><\/p>\n<p>[\/et_pb_text][\/et_pb_column][\/et_pb_row][et_pb_row _builder_version=&#8221;4.4.7&#8243; custom_margin=&#8221;|100px|||false|false&#8221;][et_pb_column type=&#8221;4_4&#8243; _builder_version=&#8221;4.4.7&#8243;][et_pb_text _builder_version=&#8221;4.5.0&#8243; text_text_color=&#8221;#000000&#8243; text_font_size=&#8221;22px&#8221; custom_padding=&#8221;|||12px|false|false&#8221; text_font_size_tablet=&#8221;&#8221; text_font_size_phone=&#8221;19px&#8221; text_font_size_last_edited=&#8221;on|phone&#8221;]<\/p>\n<p><span style=\"vertical-align: inherit;\"><span style=\"vertical-align: inherit;\"><span style=\"vertical-align: inherit;\"><span style=\"vertical-align: inherit;\">. Cal\u00e7at que se pugui mullar<\/span><\/span><\/span><\/span><\/p>\n<p><span style=\"vertical-align: inherit;\"><span style=\"vertical-align: inherit;\"><span style=\"vertical-align: inherit;\"><span style=\"vertical-align: inherit;\">. Cal\u00e7ati roba de recambi<\/span><\/span><\/span><\/span><\/p>\n<p><span style=\"vertical-align: inherit;\"><span style=\"vertical-align: inherit;\"><span style=\"vertical-align: inherit;\"><span style=\"vertical-align: inherit;\">. Tovallola<\/span><\/span><\/span><\/span><\/p>\n<p>. Banyador o malles que es puguin mullar<\/p>\n<p>[\/et_pb_text][\/et_pb_column][\/et_pb_row][et_pb_row column_structure=&#8221;1_2,1_2&#8243; _builder_version=&#8221;4.5.0&#8243; _module_preset=&#8221;default&#8221;][et_pb_column type=&#8221;1_2&#8243; _builder_version=&#8221;4.5.0&#8243; _module_preset=&#8221;default&#8221;][et_pb_blurb_extended title=&#8221;Fes la teva reserva a Coastering Cala del Peix  des de 45 \u20ac&#8221; url=&#8221;https:\/\/guiesviaferratacaladelmoli.com\/ca\/contacte\/&#8221; read_more_button=&#8221;on&#8221; read_more_text=&#8221;Reserva ara&#8221; read_more_hover_background_color=&#8221;#f2f2f2&#8243; read_more_hover_text_color=&#8221;#000000&#8243; use_icon=&#8221;on&#8221; font_icon=&#8221;%%49%%&#8221; icon_color=&#8221;#f2f2f2&#8243; use_icon_font_size=&#8221;on&#8221; icon_font_size=&#8221;30px&#8221; icon_hover_color=&#8221;#000000&#8243; style_icon=&#8221;on&#8221; shape_color=&#8221;#0c71c3&#8243; shape_hover_color=&#8221;#edf000&#8243; use_shape_border=&#8221;on&#8221; shape_border_color=&#8221;#0c71c3&#8243; shape_border_hover_color=&#8221;#000000&#8243; content_background_color=&#8221;#e09900&#8243; text_hover_color=&#8221;#e09900&#8243; blurb_layout=&#8221;borderbox&#8221; borderbox_border_color=&#8221;#0c71c3&#8243; _builder_version=&#8221;4.5.0&#8243; header_text_color=&#8221;#efefef&#8221; header_font_size=&#8221;19px&#8221; custom_read_more=&#8221;on&#8221; read_more_text_size=&#8221;15px&#8221; read_more_text_color=&#8221;#000000&#8243; read_more_bg_color=&#8221;#efefef&#8221;][\/et_pb_blurb_extended][\/et_pb_column][et_pb_column type=&#8221;1_2&#8243; _builder_version=&#8221;4.5.0&#8243; _module_preset=&#8221;default&#8221;][\/et_pb_column][\/et_pb_row][et_pb_row _builder_version=&#8221;4.4.7&#8243;][et_pb_column type=&#8221;4_4&#8243; _builder_version=&#8221;4.4.7&#8243;][et_pb_text _builder_version=&#8221;4.5.0&#8243; text_font=&#8221;|600|||||||&#8221; text_text_color=&#8221;#000000&#8243; text_font_size=&#8221;26px&#8221; text_font_size_tablet=&#8221;&#8221; text_font_size_phone=&#8221;22px&#8221; text_font_size_last_edited=&#8221;on|desktop&#8221;]<\/p>\n<p>PACK VIA FERRATA CALA DEL MOLI + COASTERING\u00a0 CALA DEL PEIX : 65 \u20ac \/ persona<\/p>\n<p>[\/et_pb_text][\/et_pb_column][\/et_pb_row][et_pb_row column_structure=&#8221;1_2,1_2&#8243; _builder_version=&#8221;4.5.0&#8243; _module_preset=&#8221;default&#8221;][et_pb_column type=&#8221;1_2&#8243; _builder_version=&#8221;4.5.0&#8243; _module_preset=&#8221;default&#8221;][et_pb_blurb_extended title=&#8221;Fes la teva reserva del peu pack via Ferrata cala del Moli + Coastering Cala del Peix per 65 \u20ac&#8221; url=&#8221;https:\/\/guiesviaferratacaladelmoli.com\/ca\/contacte\/&#8221; read_more_button=&#8221;on&#8221; read_more_text=&#8221;Reserva ara&#8221; read_more_hover_background_color=&#8221;#f2f2f2&#8243; read_more_hover_text_color=&#8221;#000000&#8243; use_icon=&#8221;on&#8221; font_icon=&#8221;%%49%%&#8221; icon_color=&#8221;#f2f2f2&#8243; use_icon_font_size=&#8221;on&#8221; icon_font_size=&#8221;30px&#8221; icon_hover_color=&#8221;#000000&#8243; style_icon=&#8221;on&#8221; shape_color=&#8221;#0c71c3&#8243; shape_hover_color=&#8221;#edf000&#8243; use_shape_border=&#8221;on&#8221; shape_border_color=&#8221;#0c71c3&#8243; shape_border_hover_color=&#8221;#000000&#8243; content_background_color=&#8221;#e09900&#8243; text_hover_color=&#8221;#e09900&#8243; blurb_layout=&#8221;borderbox&#8221; borderbox_border_color=&#8221;#0c71c3&#8243; _builder_version=&#8221;4.5.0&#8243; header_text_color=&#8221;#efefef&#8221; header_font_size=&#8221;19px&#8221; custom_read_more=&#8221;on&#8221; read_more_text_size=&#8221;15px&#8221; read_more_text_color=&#8221;#000000&#8243; read_more_bg_color=&#8221;#efefef&#8221;][\/et_pb_blurb_extended][\/et_pb_column][et_pb_column type=&#8221;1_2&#8243; _builder_version=&#8221;4.5.0&#8243; _module_preset=&#8221;default&#8221;][\/et_pb_column][\/et_pb_row][\/et_pb_section]<\/p>\n","protected":false},"excerpt":{"rendered":"<p>ACTIVITATSLa nostra actividat principal es oferir rutes a la Via Ferrata cala del moli. Tamb\u00e9 des de 2020 oferim una nova actividat de coastering a la cala\u00a0 del peix a Sant Feliu de Gu\u00edxols.VIA FERRATA CALA DEL MOLI:La via Ferrata Cala del Moli, situada a Sant Feliu de Gu\u00edxols en plena\u00a0 Costa Brava, es la [&hellip;]<\/p>\n","protected":false},"author":1,"featured_media":0,"parent":0,"menu_order":0,"comment_status":"closed","ping_status":"closed","template":"","meta":{"_et_pb_use_builder":"on","_et_pb_old_content":"","_et_gb_content_width":"","footnotes":""},"class_list":["post-215","page","type-page","status-publish","hentry"],"_links":{"self":[{"href":"https:\/\/guiesviaferratacaladelmoli.com\/ca\/wp-json\/wp\/v2\/pages\/215","targetHints":{"allow":["GET"]}}],"collection":[{"href":"https:\/\/guiesviaferratacaladelmoli.com\/ca\/wp-json\/wp\/v2\/pages"}],"about":[{"href":"https:\/\/guiesviaferratacaladelmoli.com\/ca\/wp-json\/wp\/v2\/types\/page"}],"author":[{"embeddable":true,"href":"https:\/\/guiesviaferratacaladelmoli.com\/ca\/wp-json\/wp\/v2\/users\/1"}],"replies":[{"embeddable":true,"href":"https:\/\/guiesviaferratacaladelmoli.com\/ca\/wp-json\/wp\/v2\/comments?post=215"}],"version-history":[{"count":11,"href":"https:\/\/guiesviaferratacaladelmoli.com\/ca\/wp-json\/wp\/v2\/pages\/215\/revisions"}],"predecessor-version":[{"id":427,"href":"https:\/\/guiesviaferratacaladelmoli.com\/ca\/wp-json\/wp\/v2\/pages\/215\/revisions\/427"}],"wp:attachment":[{"href":"https:\/\/guiesviaferratacaladelmoli.com\/ca\/wp-json\/wp\/v2\/media?parent=215"}],"curies":[{"name":"wp","href":"https:\/\/api.w.org\/{rel}","templated":true}]}}