{"id":191,"date":"2021-02-18T17:13:02","date_gmt":"2021-02-18T17:13:02","guid":{"rendered":"https:\/\/guiesviaferratacaladelmoli.com\/informaciones\/"},"modified":"2021-03-06T15:20:41","modified_gmt":"2021-03-06T15:20:41","slug":"informaciones","status":"publish","type":"page","link":"https:\/\/guiesviaferratacaladelmoli.com\/ca\/informaciones\/","title":{"rendered":"informacions"},"content":{"rendered":"<p>[et_pb_section fb_built=&#8221;1&#8243; inner_shadow=&#8221;on&#8221; fullwidth=&#8221;on&#8221; custom_padding_last_edited=&#8221;on|desktop&#8221; admin_label=&#8221;section&#8221; _builder_version=&#8221;3.22&#8243; background_color=&#8221;#6aceb6&#8243; background_image=&#8221;https:\/\/guiesviaferratacaladelmoli.com\/wp-content\/uploads\/2021\/02\/fotoviaferratanew555.6-1.jpg&#8221; parallax=&#8221;on&#8221; parallax_method=&#8221;off&#8221; custom_margin=&#8221;-50px||-50px|&#8221; custom_padding_tablet=&#8221;50px|0|50px|0&#8243; custom_padding_phone=&#8221;&#8221; transparent_background=&#8221;off&#8221; padding_mobile=&#8221;off&#8221;][et_pb_fullwidth_header subhead=&#8221;Estem  preparats perqu\u00e8 la teva excursi\u00f3 a la via Ferrata sigui fant\u00e0stica&#8221; header_fullscreen=&#8221;on&#8221; background_overlay_color=&#8221;rgba(0,0,0,0)&#8221; admin_label=&#8221;T\u00edtulo de anchura completa&#8221; _builder_version=&#8221;4.5.0&#8243; subhead_font_size=&#8221;21px&#8221; background_color=&#8221;rgba(255, 255, 255, 0)&#8221; background_image=&#8221;https:\/\/guiesviaferratacaladelmoli.com\/wp-content\/uploads\/2021\/02\/IMG-viaferratacoo1.gif&#8221; background_url=&#8221;https:\/\/guiesviaferratacaladelmoli.com\/wp-content\/uploads\/2021\/02\/viaferrataquienessomos.gif&#8221; button_one_text_size__hover_enabled=&#8221;off&#8221; button_two_text_size__hover_enabled=&#8221;off&#8221; button_one_text_color__hover_enabled=&#8221;off&#8221; button_two_text_color__hover_enabled=&#8221;off&#8221; button_one_border_width__hover_enabled=&#8221;off&#8221; button_two_border_width__hover_enabled=&#8221;off&#8221; button_one_border_color__hover_enabled=&#8221;off&#8221; button_two_border_color__hover_enabled=&#8221;off&#8221; button_one_border_radius__hover_enabled=&#8221;off&#8221; button_two_border_radius__hover_enabled=&#8221;off&#8221; button_one_letter_spacing__hover_enabled=&#8221;off&#8221; button_two_letter_spacing__hover_enabled=&#8221;off&#8221; button_one_bg_color__hover_enabled=&#8221;off&#8221; button_two_bg_color__hover_enabled=&#8221;off&#8221;][\/et_pb_fullwidth_header][\/et_pb_section][et_pb_section fb_built=&#8221;1&#8243; _builder_version=&#8221;4.4.2&#8243;][et_pb_row _builder_version=&#8221;4.4.2&#8243;][et_pb_column type=&#8221;4_4&#8243; _builder_version=&#8221;4.4.2&#8243;][et_pb_text _builder_version=&#8221;4.5.0&#8243; text_text_color=&#8221;#000000&#8243; text_font_size=&#8221;27px&#8221; text_font_size_tablet=&#8221;&#8221; text_font_size_phone=&#8221;25px&#8221; text_font_size_last_edited=&#8221;on|phone&#8221;]<\/p>\n<p><b>VIA FERRATA CALA DEL MOLI :<\/b><\/p>\n<p>[\/et_pb_text][et_pb_text _builder_version=&#8221;4.5.0&#8243; text_text_color=&#8221;#000000&#8243; text_font_size=&#8221;21px&#8221;]<\/p>\n<p><b>La via <\/b><b>ferrata<\/b><b> cala <\/b><b>del<\/b> <b>moli<\/b> <b>te<\/b><b>\u00a02 <\/b><b>trams<\/b> <b>conectats<\/b><b> : (es pot<\/b><b> sortir per la <\/b><b>meitat<\/b><b>)<\/b><\/p>\n<p>[\/et_pb_text][\/et_pb_column][\/et_pb_row][et_pb_row _builder_version=&#8221;4.4.2&#8243;][et_pb_column type=&#8221;4_4&#8243; _builder_version=&#8221;4.4.2&#8243;][et_pb_text _builder_version=&#8221;4.5.0&#8243; text_text_color=&#8221;#000000&#8243; text_font_size=&#8221;20px&#8221;]<\/p>\n<p>. Tram 1 : Nivell K2 (h\u00fcsler) apte per principiants<\/p>\n<p>. Tram 2 : Nivell K3 apte per principiants esportistes<\/p>\n<p>[\/et_pb_text][\/et_pb_column][\/et_pb_row][et_pb_row column_structure=&#8221;1_2,1_2&#8243; _builder_version=&#8221;4.4.2&#8243;][et_pb_column type=&#8221;1_2&#8243; _builder_version=&#8221;4.4.2&#8243;][et_pb_blurb title=&#8221;Temporada : Obert tot l&#8217;any&#8221; image=&#8221;https:\/\/guiesviaferratacaladelmoli.com\/wp-content\/uploads\/2021\/02\/TEMPORADA.png&#8221; icon_placement=&#8221;left&#8221; _builder_version=&#8221;4.5.0&#8243; border_color_all_image=&#8221;#e09900&#8243;][\/et_pb_blurb][et_pb_blurb title=&#8221;Nivell : k2 \/ k3 Principiant \/ Principiant eportista&#8221; image=&#8221;https:\/\/guiesviaferratacaladelmoli.com\/wp-content\/uploads\/2021\/02\/NIVEL.png&#8221; icon_placement=&#8221;left&#8221; _builder_version=&#8221;4.5.0&#8243; border_color_all_image=&#8221;#e09900&#8243;][\/et_pb_blurb][et_pb_blurb title=&#8221;Acces : 10\u2019 des de el mirador del carrer Sicilia&#8221; image=&#8221;https:\/\/guiesviaferratacaladelmoli.com\/wp-content\/uploads\/2021\/02\/ACESO.png&#8221; icon_placement=&#8221;left&#8221; _builder_version=&#8221;4.5.0&#8243; border_color_all_image=&#8221;#e09900&#8243;][\/et_pb_blurb][et_pb_blurb title=&#8221;Durada : 2h &#8211; 4h&#8221; image=&#8221;https:\/\/guiesviaferratacaladelmoli.com\/wp-content\/uploads\/2021\/02\/reloj.jpg&#8221; icon_placement=&#8221;left&#8221; _builder_version=&#8221;4.5.0&#8243; border_color_all_image=&#8221;#e09900&#8243;][\/et_pb_blurb][et_pb_blurb title=&#8221;Tornada : 10\u2019 al mirador del carrer Sicilia&#8221; image=&#8221;https:\/\/guiesviaferratacaladelmoli.com\/wp-content\/uploads\/2021\/02\/RETORNO.png&#8221; icon_placement=&#8221;left&#8221; _builder_version=&#8221;4.5.0&#8243; border_color_all_image=&#8221;#e09900&#8243;][\/et_pb_blurb][et_pb_blurb title=&#8221;Longitut : 480 metres&#8221; image=&#8221;https:\/\/guiesviaferratacaladelmoli.com\/wp-content\/uploads\/2021\/02\/longitud.png&#8221; icon_placement=&#8221;left&#8221; _builder_version=&#8221;4.5.0&#8243; border_color_all_image=&#8221;#e09900&#8243;][\/et_pb_blurb][et_pb_blurb title=&#8221;Al\u00e7ada : 28 metres \/ mar&#8221; image=&#8221;https:\/\/guiesviaferratacaladelmoli.com\/wp-content\/uploads\/2021\/02\/ALTURA.png&#8221; icon_placement=&#8221;left&#8221; _builder_version=&#8221;4.5.0&#8243; border_color_all_image=&#8221;#e09900&#8243;][\/et_pb_blurb][et_pb_blurb title=&#8221;Pont : 3 Nepalis, 3 Tibetans, 1 de fusta&#8221; image=&#8221;https:\/\/guiesviaferratacaladelmoli.com\/wp-content\/uploads\/2021\/02\/PUENTE.png&#8221; icon_placement=&#8221;left&#8221; _builder_version=&#8221;4.5.0&#8243; border_color_all_image=&#8221;#e09900&#8243;][\/et_pb_blurb][et_pb_blurb title=&#8221;Grandaria del grup : m\u00e0xim 8 persones \/ gu\u00eda&#8221; image=&#8221;https:\/\/guiesviaferratacaladelmoli.com\/wp-content\/uploads\/2021\/02\/tamano-1.png&#8221; icon_placement=&#8221;left&#8221; _builder_version=&#8221;4.5.0&#8243; border_color_all_image=&#8221;#e09900&#8243;][\/et_pb_blurb][et_pb_blurb title=&#8221;Ubicaci\u00f3 : Sant Feliu de Gu\u00edxols&#8221; image=&#8221;https:\/\/guiesviaferratacaladelmoli.com\/wp-content\/uploads\/2021\/02\/UBICACION.png&#8221; icon_placement=&#8221;left&#8221; _builder_version=&#8221;4.5.0&#8243; border_color_all_image=&#8221;#e09900&#8243;][\/et_pb_blurb][et_pb_blurb title=&#8221;Edat m\u00ednima : 13 anys, al\u00e7ada m\u00ednima 1,5 m. Els menors sempre han d&#8217;anar acompanyats d&#8217;un adult.&#8221; image=&#8221;https:\/\/guiesviaferratacaladelmoli.com\/wp-content\/uploads\/2021\/02\/EDAD.png&#8221; icon_placement=&#8221;left&#8221; _builder_version=&#8221;4.5.0&#8243; border_color_all_image=&#8221;#e09900&#8243;][\/et_pb_blurb][\/et_pb_column][et_pb_column type=&#8221;1_2&#8243; _builder_version=&#8221;4.4.2&#8243;][\/et_pb_column][\/et_pb_row][et_pb_row _builder_version=&#8221;4.4.2&#8243;][et_pb_column type=&#8221;4_4&#8243; _builder_version=&#8221;4.4.2&#8243;][et_pb_text _builder_version=&#8221;4.5.0&#8243; text_text_color=&#8221;#000000&#8243; text_font_size=&#8221;27px&#8221;]<\/p>\n<p><strong>HORARIS :<\/strong><\/p>\n<p>[\/et_pb_text][et_pb_text _builder_version=&#8221;4.5.0&#8243; text_text_color=&#8221;#000000&#8243; text_font_size=&#8221;21px&#8221;]<\/p>\n<p>La via ferrata Cala del Moli es una via molt famosa i molt utilitzada, sobre tot els fins de setmana i a l&#8217;estiu.<\/p>\n<p>[\/et_pb_text][et_pb_text _builder_version=&#8221;4.5.0&#8243; text_text_color=&#8221;#000000&#8243; text_font_size=&#8221;21px&#8221;]<\/p>\n<p>Fem 3 sortides al dia, la durada a l&#8217;estiu depen molt de l&#8217;hora d&#8217;inici:<\/p>\n<p>[\/et_pb_text][\/et_pb_column][\/et_pb_row][et_pb_row _builder_version=&#8221;4.4.2&#8243;][et_pb_column type=&#8221;4_4&#8243; _builder_version=&#8221;4.4.2&#8243;][et_pb_divider color=&#8221;#e09900&#8243; divider_weight=&#8221;2px&#8221; _builder_version=&#8221;4.5.0&#8243; width=&#8221;50%&#8221; max_width=&#8221;90%&#8221; custom_padding=&#8221;|||23px|false|false&#8221;][\/et_pb_divider][\/et_pb_column][\/et_pb_row][et_pb_row _builder_version=&#8221;4.4.2&#8243;][et_pb_column type=&#8221;4_4&#8243; _builder_version=&#8221;4.4.2&#8243;][et_pb_text _builder_version=&#8221;4.5.0&#8243; text_text_color=&#8221;#000000&#8243; text_font_size=&#8221;20px&#8221;]<\/p>\n<p><strong>Sortida a les 8h15 :<\/strong><\/p>\n<p>Durada 2h &#8211; Calor : OK &#8211; Poca gent<\/p>\n<p>[\/et_pb_text][et_pb_divider color=&#8221;#e09900&#8243; divider_weight=&#8221;2px&#8221; _builder_version=&#8221;4.4.2&#8243; width=&#8221;50%&#8221; max_width=&#8221;90%&#8221; custom_padding=&#8221;|||23px|false|false&#8221;][\/et_pb_divider][\/et_pb_column][\/et_pb_row][et_pb_row _builder_version=&#8221;4.5.3&#8243; custom_margin=&#8221;-42px||||false|false&#8221;][et_pb_column type=&#8221;4_4&#8243; _builder_version=&#8221;4.4.2&#8243;][et_pb_text _builder_version=&#8221;4.5.0&#8243; text_text_color=&#8221;#000000&#8243; text_font_size=&#8221;20px&#8221; custom_margin=&#8221;||26px||false|false&#8221; custom_padding=&#8221;||14px||false|false&#8221;]<\/p>\n<p><strong>Sortida a les 10h30 :<\/strong><\/p>\n<p>Durada 3 h a 4 h &#8211; Molt sol &#8211; Molta gent els fins de setmana<\/p>\n<p>[\/et_pb_text][et_pb_divider color=&#8221;#e09900&#8243; divider_weight=&#8221;2px&#8221; _builder_version=&#8221;4.4.2&#8243; width=&#8221;50%&#8221; max_width=&#8221;90%&#8221; custom_padding=&#8221;|||23px|false|false&#8221;][\/et_pb_divider][\/et_pb_column][\/et_pb_row][et_pb_row _builder_version=&#8221;4.5.3&#8243; custom_margin=&#8221;-32px||||false|false&#8221;][et_pb_column type=&#8221;4_4&#8243; _builder_version=&#8221;4.4.2&#8243;][et_pb_text _builder_version=&#8221;4.5.0&#8243; text_text_color=&#8221;#000000&#8243; text_font_size=&#8221;20px&#8221;]<\/p>\n<p><strong>Sortida a les 15h :<\/strong><\/p>\n<p>Durada 2h &#8211; Ombra &#8211; Poca gent<\/p>\n<p>[\/et_pb_text][et_pb_divider color=&#8221;#e09900&#8243; divider_weight=&#8221;2px&#8221; _builder_version=&#8221;4.4.2&#8243; width=&#8221;50%&#8221; max_width=&#8221;90%&#8221; custom_padding=&#8221;|||23px|false|false&#8221;][\/et_pb_divider][et_pb_text _builder_version=&#8221;4.5.3&#8243; text_text_color=&#8221;#000000&#8243; text_font_size=&#8221;20px&#8221;]<\/p>\n<p><strong>Salida Coastering Cala del Peix: 10h<\/strong><\/p>\n<p><strong><\/strong><\/p>\n<p>[\/et_pb_text][et_pb_divider color=&#8221;#e09900&#8243; divider_weight=&#8221;2px&#8221; _builder_version=&#8221;4.4.2&#8243; width=&#8221;50%&#8221; max_width=&#8221;90%&#8221; custom_padding=&#8221;|||23px|false|false&#8221;][\/et_pb_divider][\/et_pb_column][\/et_pb_row][et_pb_row _builder_version=&#8221;4.4.2&#8243;][et_pb_column type=&#8221;4_4&#8243; _builder_version=&#8221;4.4.2&#8243;][et_pb_text _builder_version=&#8221;4.5.0&#8243; text_text_color=&#8221;#000000&#8243; text_font_size=&#8221;27px&#8221; text_font_size_tablet=&#8221;&#8221; text_font_size_phone=&#8221;25px&#8221; text_font_size_last_edited=&#8221;on|phone&#8221;]<\/p>\n<p><b>COASTERING CALA DEL PEIX :<\/b><\/p>\n<p>[\/et_pb_text][\/et_pb_column][\/et_pb_row][et_pb_row column_structure=&#8221;1_2,1_2&#8243; _builder_version=&#8221;4.4.2&#8243;][et_pb_column type=&#8221;1_2&#8243; _builder_version=&#8221;4.4.2&#8243;][et_pb_blurb title=&#8221;Temporada : Obert de Mar\u00e7 a Novembre&#8221; image=&#8221;https:\/\/guiesviaferratacaladelmoli.com\/wp-content\/uploads\/2021\/02\/TEMPORADA.png&#8221; icon_placement=&#8221;left&#8221; _builder_version=&#8221;4.5.0&#8243; border_color_all_image=&#8221;#e09900&#8243;][\/et_pb_blurb][et_pb_blurb title=&#8221;Nivell : Principiant ( s&#8217;ha de saber nadar i no tenir veritigen)&#8221; image=&#8221;https:\/\/guiesviaferratacaladelmoli.com\/wp-content\/uploads\/2021\/02\/NIVEL.png&#8221; icon_placement=&#8221;left&#8221; _builder_version=&#8221;4.5.0&#8243; border_color_all_image=&#8221;#e09900&#8243;][\/et_pb_blurb][et_pb_blurb title=&#8221;Acc\u00e9s : 10\u2019 des del carrer de Paris&#8221; image=&#8221;https:\/\/guiesviaferratacaladelmoli.com\/wp-content\/uploads\/2021\/02\/ACESO.png&#8221; icon_placement=&#8221;left&#8221; _builder_version=&#8221;4.5.0&#8243; border_color_all_image=&#8221;#e09900&#8243;][\/et_pb_blurb][et_pb_blurb title=&#8221;Durada : 3h prox&#8221; image=&#8221;https:\/\/guiesviaferratacaladelmoli.com\/wp-content\/uploads\/2021\/02\/reloj.jpg&#8221; icon_placement=&#8221;left&#8221; _builder_version=&#8221;4.5.0&#8243; border_color_all_image=&#8221;#e09900&#8243;][\/et_pb_blurb][et_pb_blurb title=&#8221;Tornada : 10\u2019 &#8221; image=&#8221;https:\/\/guiesviaferratacaladelmoli.com\/wp-content\/uploads\/2021\/02\/RETORNO.png&#8221; icon_placement=&#8221;left&#8221; _builder_version=&#8221;4.5.0&#8243; border_color_all_image=&#8221;#e09900&#8243;][\/et_pb_blurb][et_pb_blurb title=&#8221;Longitut : 500 metres&#8221; image=&#8221;https:\/\/guiesviaferratacaladelmoli.com\/wp-content\/uploads\/2021\/02\/longitud.png&#8221; icon_placement=&#8221;left&#8221; _builder_version=&#8221;4.5.0&#8243; border_color_all_image=&#8221;#e09900&#8243;][\/et_pb_blurb][et_pb_blurb title=&#8221;Descrpcions : 3 rapels, 5 salts, 1 tirolina, 2 coves.&#8221; image=&#8221;https:\/\/guiesviaferratacaladelmoli.com\/wp-content\/uploads\/2021\/02\/marca-de-verificacion.png&#8221; icon_placement=&#8221;left&#8221; _builder_version=&#8221;4.5.0&#8243; border_color_all_image=&#8221;#e09900&#8243;][\/et_pb_blurb][et_pb_blurb title=&#8221;Grandaria del grup : m\u00e0xim 6 persones \/ gu\u00eda&#8221; image=&#8221;https:\/\/guiesviaferratacaladelmoli.com\/wp-content\/uploads\/2021\/02\/tamano-1.png&#8221; icon_placement=&#8221;left&#8221; _builder_version=&#8221;4.5.0&#8243; border_color_all_image=&#8221;#e09900&#8243;][\/et_pb_blurb][et_pb_blurb title=&#8221;Ubicaci\u00f3 : Sant Feliu de Gu\u00edxols&#8221; image=&#8221;https:\/\/guiesviaferratacaladelmoli.com\/wp-content\/uploads\/2021\/02\/UBICACION.png&#8221; icon_placement=&#8221;left&#8221; _builder_version=&#8221;4.5.0&#8243; border_color_all_image=&#8221;#e09900&#8243;][\/et_pb_blurb][et_pb_blurb title=&#8221;Edat m\u00ednima : 12 anys, altura m\u00ednima 1,5 m. Els menors sempre hauran d &#8216;anar acompanyats d&#8217;un adult.&#8221; image=&#8221;https:\/\/guiesviaferratacaladelmoli.com\/wp-content\/uploads\/2021\/02\/EDAD.png&#8221; icon_placement=&#8221;left&#8221; _builder_version=&#8221;4.5.0&#8243; border_color_all_image=&#8221;#e09900&#8243;][\/et_pb_blurb][et_pb_blurb title=&#8221;Horaris : cada dia a les 10h (consultar disponibilidat)&#8221; image=&#8221;https:\/\/guiesviaferratacaladelmoli.com\/wp-content\/uploads\/2021\/02\/reloj.jpg&#8221; icon_placement=&#8221;left&#8221; _builder_version=&#8221;4.5.0&#8243; border_color_all_image=&#8221;#e09900&#8243;][\/et_pb_blurb][\/et_pb_column][et_pb_column type=&#8221;1_2&#8243; _builder_version=&#8221;4.4.2&#8243;][\/et_pb_column][\/et_pb_row][et_pb_row column_structure=&#8221;1_3,1_3,1_3&#8243; _builder_version=&#8221;4.4.2&#8243;][et_pb_column type=&#8221;1_3&#8243; _builder_version=&#8221;4.4.2&#8243;][\/et_pb_column][et_pb_column type=&#8221;1_3&#8243; _builder_version=&#8221;4.4.2&#8243;][\/et_pb_column][et_pb_column type=&#8221;1_3&#8243; _builder_version=&#8221;4.4.2&#8243;][et_pb_blurb_extended title=&#8221;Fes la teva reserva !!&#8221; url=&#8221;https:\/\/guiesviaferratacaladelmoli.com\/ca\/contacte\/&#8221; read_more_button=&#8221;on&#8221; read_more_text=&#8221;Reserva ara&#8221; read_more_hover_background_color=&#8221;#f2f2f2&#8243; read_more_hover_text_color=&#8221;#000000&#8243; use_icon=&#8221;on&#8221; font_icon=&#8221;%%49%%&#8221; icon_color=&#8221;#f2f2f2&#8243; use_icon_font_size=&#8221;on&#8221; icon_font_size=&#8221;30px&#8221; icon_hover_color=&#8221;#000000&#8243; style_icon=&#8221;on&#8221; shape_color=&#8221;rgba(43,130,58,0.79)&#8221; shape_hover_color=&#8221;#edf000&#8243; use_shape_border=&#8221;on&#8221; shape_border_hover_color=&#8221;#000000&#8243; content_background_color=&#8221;#e09900&#8243; text_hover_color=&#8221;#e09900&#8243; blurb_layout=&#8221;borderbox&#8221; borderbox_border_color=&#8221;rgba(43,130,58,0.79)&#8221; _builder_version=&#8221;4.5.0&#8243; header_text_color=&#8221;#efefef&#8221; header_font_size=&#8221;19px&#8221; custom_read_more=&#8221;on&#8221; read_more_text_size=&#8221;15px&#8221; read_more_text_color=&#8221;#000000&#8243; read_more_bg_color=&#8221;#efefef&#8221; hover_enabled=&#8221;0&#8243;][\/et_pb_blurb_extended][\/et_pb_column][\/et_pb_row][\/et_pb_section]<\/p>\n","protected":false},"excerpt":{"rendered":"<p>VIA FERRATA CALA DEL MOLI :La via ferrata cala del moli te\u00a02 trams conectats : (es pot sortir per la meitat). Tram 1 : Nivell K2 (h\u00fcsler) apte per principiants . Tram 2 : Nivell K3 apte per principiants esportistesHORARIS :La via ferrata Cala del Moli es una via molt famosa i molt utilitzada, sobre [&hellip;]<\/p>\n","protected":false},"author":1,"featured_media":0,"parent":0,"menu_order":0,"comment_status":"closed","ping_status":"closed","template":"","meta":{"_et_pb_use_builder":"on","_et_pb_old_content":"","_et_gb_content_width":"","footnotes":""},"class_list":["post-191","page","type-page","status-publish","hentry"],"_links":{"self":[{"href":"https:\/\/guiesviaferratacaladelmoli.com\/ca\/wp-json\/wp\/v2\/pages\/191","targetHints":{"allow":["GET"]}}],"collection":[{"href":"https:\/\/guiesviaferratacaladelmoli.com\/ca\/wp-json\/wp\/v2\/pages"}],"about":[{"href":"https:\/\/guiesviaferratacaladelmoli.com\/ca\/wp-json\/wp\/v2\/types\/page"}],"author":[{"embeddable":true,"href":"https:\/\/guiesviaferratacaladelmoli.com\/ca\/wp-json\/wp\/v2\/users\/1"}],"replies":[{"embeddable":true,"href":"https:\/\/guiesviaferratacaladelmoli.com\/ca\/wp-json\/wp\/v2\/comments?post=191"}],"version-history":[{"count":9,"href":"https:\/\/guiesviaferratacaladelmoli.com\/ca\/wp-json\/wp\/v2\/pages\/191\/revisions"}],"predecessor-version":[{"id":418,"href":"https:\/\/guiesviaferratacaladelmoli.com\/ca\/wp-json\/wp\/v2\/pages\/191\/revisions\/418"}],"wp:attachment":[{"href":"https:\/\/guiesviaferratacaladelmoli.com\/ca\/wp-json\/wp\/v2\/media?parent=191"}],"curies":[{"name":"wp","href":"https:\/\/api.w.org\/{rel}","templated":true}]}}